{"id":1927,"date":"2020-09-25T08:33:04","date_gmt":"2020-09-25T08:33:04","guid":{"rendered":"https:\/\/masterrehabilitacionoralub.com\/?page_id=1927"},"modified":"2025-09-11T09:34:18","modified_gmt":"2025-09-11T09:34:18","slug":"master-oclusion-rehabilitacion-oral","status":"publish","type":"page","link":"https:\/\/masterrehabilitacionoralub.com\/ca\/master-oclusion-rehabilitacion-oral\/","title":{"rendered":"M\u00e0ster Oclusi\u00f3 i Rehabilitaci\u00f3 Oral"},"content":{"rendered":"<div data-elementor-type=\"wp-page\" data-elementor-id=\"1927\" class=\"elementor elementor-1927\" data-elementor-post-type=\"page\">\n\t\t\t\t\t\t<section class=\"elementor-section elementor-top-section elementor-element elementor-element-653b11e elementor-section-boxed elementor-section-height-default elementor-section-height-default\" data-id=\"653b11e\" data-element_type=\"section\" data-e-type=\"section\">\n\t\t\t\t\t\t<div class=\"elementor-container elementor-column-gap-default\">\n\t\t\t\t\t<div class=\"elementor-column elementor-col-100 elementor-top-column elementor-element elementor-element-d76f059\" data-id=\"d76f059\" data-element_type=\"column\" data-e-type=\"column\">\n\t\t\t<div class=\"elementor-widget-wrap elementor-element-populated\">\n\t\t\t\t\t\t<div class=\"elementor-element elementor-element-57c1f51 elementor-widget elementor-widget-heading\" data-id=\"57c1f51\" data-element_type=\"widget\" data-e-type=\"widget\" data-widget_type=\"heading.default\">\n\t\t\t\t<div class=\"elementor-widget-container\">\n\t\t\t\t\t<h1 class=\"elementor-heading-title elementor-size-xl\">M\u00e0ster Oclusi\u00f3 i Rehabilitaci\u00f3 Oral<\/h1>\t\t\t\t<\/div>\n\t\t\t\t<\/div>\n\t\t\t\t\t<\/div>\n\t\t<\/div>\n\t\t\t\t\t<\/div>\n\t\t<\/section>\n\t\t\t\t<section class=\"elementor-section elementor-top-section elementor-element elementor-element-15d26ce elementor-section-boxed elementor-section-height-default elementor-section-height-default\" data-id=\"15d26ce\" data-element_type=\"section\" data-e-type=\"section\">\n\t\t\t\t\t\t<div class=\"elementor-container elementor-column-gap-wide\">\n\t\t\t\t\t<div class=\"elementor-column elementor-col-66 elementor-top-column elementor-element elementor-element-312ca61\" data-id=\"312ca61\" data-element_type=\"column\" data-e-type=\"column\" data-settings=\"{&quot;background_background&quot;:&quot;classic&quot;}\">\n\t\t\t<div class=\"elementor-widget-wrap elementor-element-populated\">\n\t\t\t\t\t\t<div class=\"elementor-element elementor-element-73d2cc7 elementor-widget elementor-widget-text-editor\" data-id=\"73d2cc7\" data-element_type=\"widget\" data-e-type=\"widget\" data-widget_type=\"text-editor.default\">\n\t\t\t\t<div class=\"elementor-widget-container\">\n\t\t\t\t\t\t\t\t\t<p style=\"text-align: justify;\">El m\u00e0ster en Oclusi\u00f3 i Rehabilitaci\u00f3 Oral \u00e9s un titol propi de la Universitat de Barcelona que s'imparteix des de fa 30 anys i que t\u00e9 per objectiu aconseguir les compet\u00e8ncies m\u00e9s altes en tot l'\u00e0mbit de la pr\u00f2tesi dental, des dels casos m\u00e9s senzills fins als m\u00e9s complexos de rehabilitaci\u00f3 oral i abasta tots els \u00e0mbits de la prostod\u00f2ncia, pr\u00f2tesi removible, total i parcial, pr\u00f2tesi fixa sobre dents naturals i pr\u00f2tesi sobre implants, aix\u00ed com la disfunci\u00f3 craniomandibular i la medicina dental del son.<\/p><p style=\"text-align: justify;\">El curs est\u00e0 dirigit a graduats o llicenciats en Odontologia o llicenciats en Medicina i Cirurgia especialitzats en Estomatologia, amb certa experi\u00e8ncia cl\u00ednica que vulguin ampliar els seus coneixements i habilitats cl\u00edniques en l&#039;\u00e0mbit de la Prostod\u00f2ncia i aix\u00ed guanyar confian\u00e7a i seguretat davant de casos complexos i multidisciplinaris.<\/p><p style=\"text-align: justify;\">Es tracta d'un aprenentatge basat en la resoluci\u00f3 de problemes, de manera que l'alumne es veu enfrontat al pacient des del primer dia. Els alumnes  treballen en parelles, un de primer curs, amb un de segon. A m\u00e9s de l'activitat cl\u00ednica, es realitzen sessions cl\u00edniques en qu\u00e8 es debateixen els casos m\u00e9s complexos, basant-se en la bibliografia i tamb\u00e9 es fan seminaris, sobre questions concretes.<\/p>\t\t\t\t\t\t\t\t<\/div>\n\t\t\t\t<\/div>\n\t\t\t\t<div class=\"elementor-element elementor-element-714482b elementor-widget-divider--view-line elementor-widget elementor-widget-divider\" data-id=\"714482b\" data-element_type=\"widget\" data-e-type=\"widget\" data-widget_type=\"divider.default\">\n\t\t\t\t<div class=\"elementor-widget-container\">\n\t\t\t\t\t\t\t<div class=\"elementor-divider\">\n\t\t\t<span class=\"elementor-divider-separator\">\n\t\t\t\t\t\t<\/span>\n\t\t<\/div>\n\t\t\t\t\t\t<\/div>\n\t\t\t\t<\/div>\n\t\t\t\t<div class=\"elementor-element elementor-element-15e1894 elementor-blockquote--align-center elementor-blockquote--skin-border elementor-widget elementor-widget-blockquote\" data-id=\"15e1894\" data-element_type=\"widget\" data-e-type=\"widget\" data-widget_type=\"blockquote.default\">\n\t\t\t\t<div class=\"elementor-widget-container\">\n\t\t\t\t\t\t\t<blockquote class=\"elementor-blockquote\">\n\t\t\t<p class=\"elementor-blockquote__content\">\n\t\t\t\tEl per\u00edode de preinscripci\u00f3 per a l&#039;edici\u00f3 2025-2027 s&#039;obrir\u00e0 l&#039;1 de mar\u00e7 del 2025\t\t\t<\/p>\n\t\t\t\t\t<\/blockquote>\n\t\t\t\t\t\t<\/div>\n\t\t\t\t<\/div>\n\t\t\t\t<div class=\"elementor-element elementor-element-484797f elementor-widget-divider--view-line elementor-widget elementor-widget-divider\" data-id=\"484797f\" data-element_type=\"widget\" data-e-type=\"widget\" data-widget_type=\"divider.default\">\n\t\t\t\t<div class=\"elementor-widget-container\">\n\t\t\t\t\t\t\t<div class=\"elementor-divider\">\n\t\t\t<span class=\"elementor-divider-separator\">\n\t\t\t\t\t\t<\/span>\n\t\t<\/div>\n\t\t\t\t\t\t<\/div>\n\t\t\t\t<\/div>\n\t\t\t\t\t<\/div>\n\t\t<\/div>\n\t\t\t\t<div class=\"elementor-column elementor-col-33 elementor-top-column elementor-element elementor-element-2e5616f\" data-id=\"2e5616f\" data-element_type=\"column\" data-e-type=\"column\" data-settings=\"{&quot;background_background&quot;:&quot;classic&quot;}\">\n\t\t\t<div class=\"elementor-widget-wrap elementor-element-populated\">\n\t\t\t\t\t\t<div class=\"elementor-element elementor-element-f99d885 elementor-widget elementor-widget-image\" data-id=\"f99d885\" data-element_type=\"widget\" data-e-type=\"widget\" data-widget_type=\"image.default\">\n\t\t\t\t<div class=\"elementor-widget-container\">\n\t\t\t\t\t\t\t\t\t\t\t\t\t\t\t<img fetchpriority=\"high\" decoding=\"async\" width=\"800\" height=\"1201\" src=\"https:\/\/masterrehabilitacionoralub.com\/wp-content\/uploads\/2022\/02\/IMG_9306.png\" class=\"attachment-full size-full wp-image-3800\" alt=\"\" srcset=\"https:\/\/masterrehabilitacionoralub.com\/wp-content\/uploads\/2022\/02\/IMG_9306.png 800w, https:\/\/masterrehabilitacionoralub.com\/wp-content\/uploads\/2022\/02\/IMG_9306-200x300.png 200w, https:\/\/masterrehabilitacionoralub.com\/wp-content\/uploads\/2022\/02\/IMG_9306-682x1024.png 682w, https:\/\/masterrehabilitacionoralub.com\/wp-content\/uploads\/2022\/02\/IMG_9306-768x1153.png 768w, https:\/\/masterrehabilitacionoralub.com\/wp-content\/uploads\/2022\/02\/IMG_9306-8x12.png 8w\" sizes=\"(max-width: 800px) 100vw, 800px\" \/>\t\t\t\t\t\t\t\t\t\t\t\t\t\t\t<\/div>\n\t\t\t\t<\/div>\n\t\t\t\t\t<\/div>\n\t\t<\/div>\n\t\t\t\t\t<\/div>\n\t\t<\/section>\n\t\t\t\t<section class=\"elementor-section elementor-top-section elementor-element elementor-element-46ac9eb elementor-section-boxed elementor-section-height-default elementor-section-height-default\" data-id=\"46ac9eb\" data-element_type=\"section\" data-e-type=\"section\">\n\t\t\t\t\t\t<div class=\"elementor-container elementor-column-gap-wide\">\n\t\t\t\t\t<div class=\"elementor-column elementor-col-50 elementor-top-column elementor-element elementor-element-d2c2c8f\" data-id=\"d2c2c8f\" data-element_type=\"column\" data-e-type=\"column\" data-settings=\"{&quot;background_background&quot;:&quot;classic&quot;}\">\n\t\t\t<div class=\"elementor-widget-wrap elementor-element-populated\">\n\t\t\t\t\t\t<div class=\"elementor-element elementor-element-ab7ec21 elementor-widget elementor-widget-heading\" data-id=\"ab7ec21\" data-element_type=\"widget\" data-e-type=\"widget\" data-widget_type=\"heading.default\">\n\t\t\t\t<div class=\"elementor-widget-container\">\n\t\t\t\t\t<h1 class=\"elementor-heading-title elementor-size-default\">Informaci\u00f3 General<\/h1>\t\t\t\t<\/div>\n\t\t\t\t<\/div>\n\t\t\t\t<div class=\"elementor-element elementor-element-b6a0704 elementor-widget elementor-widget-text-editor\" data-id=\"b6a0704\" data-element_type=\"widget\" data-e-type=\"widget\" data-widget_type=\"text-editor.default\">\n\t\t\t\t<div class=\"elementor-widget-container\">\n\t\t\t\t\t\t\t\t\t<p style=\"text-align: justify;\"><b style=\"font-size: 18px; text-align: justify;\">Durada:<\/b><span style=\"font-size: 18px; text-align: justify;\">\u00a0<\/span><span style=\"font-size: 18px;\">La durada del curs \u00e9s de 2 anys. La data inicial del m\u00e0ster \u00e9s el primer dilluns del mes de setembre. L&#039;horari \u00e9s de dilluns a divendres, de 8 a 9 a 14h. El calendari acad\u00e8mic \u00e9s propi del M\u00e0ster, encara que les vacances de Nadal i Setmana Santa coincideixen amb el calendari acad\u00e8mic de la UB. El mes de vacances \u00e9s agost.<\/span><\/p><p style=\"text-align: justify;\"><strong>Cr\u00e8dits totals del curs:<\/strong>\u00a0120 cr\u00e8dits ECTS<\/p><p style=\"text-align: justify;\"><b>Modalitat:<\/b>\u00a0presencial<\/p><p style=\"text-align: justify;\"><b>Avaluaci\u00f3:<\/b>\u00a0l'assist\u00e8ncia a totes les activitats del m\u00e0ster \u00e9s obligat\u00f2ria. L'avaluaci\u00f3 \u00e9s continuada i finalitza amb la defensa del Treball Final de M\u00e0ster.<\/p><p style=\"text-align: justify;\"><b>Idiomes d'impartici\u00f3:<\/b>\u00a0castell\u00e0 i catal\u00e0<\/p>\t\t\t\t\t\t\t\t<\/div>\n\t\t\t\t<\/div>\n\t\t\t\t<div class=\"elementor-element elementor-element-a80d1b3 elementor-widget elementor-widget-heading\" data-id=\"a80d1b3\" data-element_type=\"widget\" data-e-type=\"widget\" data-widget_type=\"heading.default\">\n\t\t\t\t<div class=\"elementor-widget-container\">\n\t\t\t\t\t<h1 class=\"elementor-heading-title elementor-size-default\">Preinscripci\u00f3 i inici del m\u00e0ster<\/h1>\t\t\t\t<\/div>\n\t\t\t\t<\/div>\n\t\t\t\t<div class=\"elementor-element elementor-element-dc82a33 elementor-widget elementor-widget-text-editor\" data-id=\"dc82a33\" data-element_type=\"widget\" data-e-type=\"widget\" data-widget_type=\"text-editor.default\">\n\t\t\t\t<div class=\"elementor-widget-container\">\n\t\t\t\t\t\t\t\t\t<p>El per\u00edode de preinscripci\u00f3 per a l&#039;edici\u00f3 2025-2027 s&#039;obrir\u00e0 l&#039;1 de mar\u00e7 del 2025.<\/p><p>L&#039;inici del m\u00e0ster 2025-2027 ser\u00e0 l&#039;1 de setembre del 2025.<\/p>\t\t\t\t\t\t\t\t<\/div>\n\t\t\t\t<\/div>\n\t\t\t\t<div class=\"elementor-element elementor-element-9c129ac elementor-widget elementor-widget-menu-anchor\" data-id=\"9c129ac\" data-element_type=\"widget\" data-e-type=\"widget\" data-widget_type=\"menu-anchor.default\">\n\t\t\t\t<div class=\"elementor-widget-container\">\n\t\t\t\t\t\t\t<div class=\"elementor-menu-anchor\" id=\"importe-oro\"><\/div>\n\t\t\t\t\t\t<\/div>\n\t\t\t\t<\/div>\n\t\t\t\t<div class=\"elementor-element elementor-element-2483523 elementor-widget elementor-widget-heading\" data-id=\"2483523\" data-element_type=\"widget\" data-e-type=\"widget\" data-widget_type=\"heading.default\">\n\t\t\t\t<div class=\"elementor-widget-container\">\n\t\t\t\t\t<h1 class=\"elementor-heading-title elementor-size-default\">Import matr\u00edcula  <\/h1>\t\t\t\t<\/div>\n\t\t\t\t<\/div>\n\t\t\t\t<div class=\"elementor-element elementor-element-7ba1bc2 elementor-blockquote--skin-border elementor-widget elementor-widget-blockquote\" data-id=\"7ba1bc2\" data-element_type=\"widget\" data-e-type=\"widget\" data-widget_type=\"blockquote.default\">\n\t\t\t\t<div class=\"elementor-widget-container\">\n\t\t\t\t\t\t\t<blockquote class=\"elementor-blockquote\">\n\t\t\t<p class=\"elementor-blockquote__content\">\n\t\t\t\tPrimer curs acad\u00e8mic: 13.000\u20ac<br>Segon curs acad\u00e8mic: 13.000\u20ac<br>NOTA: la matr\u00edcula de cada curs s&#039;haur\u00e0 de fer a l&#039;inici del curs, i \u00e9s imprescindible per seguir cursant el M\u00e0ster.\t\t\t<\/p>\n\t\t\t\t\t<\/blockquote>\n\t\t\t\t\t\t<\/div>\n\t\t\t\t<\/div>\n\t\t\t\t\t<\/div>\n\t\t<\/div>\n\t\t\t\t<div class=\"elementor-column elementor-col-50 elementor-top-column elementor-element elementor-element-3a87d0b\" data-id=\"3a87d0b\" data-element_type=\"column\" data-e-type=\"column\" data-settings=\"{&quot;background_background&quot;:&quot;classic&quot;}\">\n\t\t\t<div class=\"elementor-widget-wrap elementor-element-populated\">\n\t\t\t\t\t\t<div class=\"elementor-element elementor-element-4f47c54 elementor-widget elementor-widget-menu-anchor\" data-id=\"4f47c54\" data-element_type=\"widget\" data-e-type=\"widget\" data-widget_type=\"menu-anchor.default\">\n\t\t\t\t<div class=\"elementor-widget-container\">\n\t\t\t\t\t\t\t<div class=\"elementor-menu-anchor\" id=\"admision-oro\"><\/div>\n\t\t\t\t\t\t<\/div>\n\t\t\t\t<\/div>\n\t\t\t\t<div class=\"elementor-element elementor-element-03d2081 elementor-widget elementor-widget-heading\" data-id=\"03d2081\" data-element_type=\"widget\" data-e-type=\"widget\" data-widget_type=\"heading.default\">\n\t\t\t\t<div class=\"elementor-widget-container\">\n\t\t\t\t\t<h1 class=\"elementor-heading-title elementor-size-default\">Criteris d'Admissi\u00f3<\/h1>\t\t\t\t<\/div>\n\t\t\t\t<\/div>\n\t\t\t\t<div class=\"elementor-element elementor-element-3fed1ae elementor-widget elementor-widget-text-editor\" data-id=\"3fed1ae\" data-element_type=\"widget\" data-e-type=\"widget\" data-widget_type=\"text-editor.default\">\n\t\t\t\t<div class=\"elementor-widget-container\">\n\t\t\t\t\t\t\t\t\t<p style=\"text-align: justify;\">El curs s'adre\u00e7a a graduats o llicenciats en Odontologia o llicenciats en Medicina i Cirurgia especialitzats en Estomatologia.<\/p><p style=\"text-align: justify;\">La selecci\u00f3 dels candidats es fa pel curriculum i es valoren els seg\u00fcents \u00edtems: universitat on es va estudiar el grau\/llicenciatura, expedient acad\u00e8mic, experi\u00e8ncia laboral, participaci\u00f3 en activitats humanit\u00e0ries (dentistes sense fronteres o similars), formaci\u00f3 prostod\u00f2ntica, nivell d'angl\u00e8s i altres com, per exemple, voler fer la tesi. Un cop analitzats els curr\u00edculums, es realitza una entrevista amb els candidats preseleccionats.<\/p><p><strong>Contacte per q\u00fcestions acad\u00e8miques:<\/strong><\/p><p><em>Dra. Mariona Peraire<\/em><br \/><a href=\"mailto:mperaire@ub.edu\"><em>mperaire@ub.edu<\/em><\/a><\/p><p><strong>Contacte per q\u00fcestions administratives:<\/strong><\/p><p><em>Sr. Jordi Albella<\/em><br \/><a href=\"mailto:jalbella@ub.edu\"><em>jalbella@ub.edu<\/em><\/a><\/p>\t\t\t\t\t\t\t\t<\/div>\n\t\t\t\t<\/div>\n\t\t\t\t<div class=\"elementor-element elementor-element-7d55657 elementor-widget elementor-widget-heading\" data-id=\"7d55657\" data-element_type=\"widget\" data-e-type=\"widget\" data-widget_type=\"heading.default\">\n\t\t\t\t<div class=\"elementor-widget-container\">\n\t\t\t\t\t<h1 class=\"elementor-heading-title elementor-size-default\">Lloc d'impartici\u00f3<\/h1>\t\t\t\t<\/div>\n\t\t\t\t<\/div>\n\t\t\t\t<div class=\"elementor-element elementor-element-f7c96bb elementor-widget elementor-widget-text-editor\" data-id=\"f7c96bb\" data-element_type=\"widget\" data-e-type=\"widget\" data-widget_type=\"text-editor.default\">\n\t\t\t\t<div class=\"elementor-widget-container\">\n\t\t\t\t\t\t\t\t\t<p>Hospital Odontol\u00f2gic Universitat de Barcelona<br \/>C \/ Feixa Llarga s \/ n\u00a0<br \/>08907 l&#039;Hospitalet de Llobregat (Barcelona)<\/p>\t\t\t\t\t\t\t\t<\/div>\n\t\t\t\t<\/div>\n\t\t\t\t<div class=\"elementor-element elementor-element-359caff elementor-widget elementor-widget-google_maps\" data-id=\"359caff\" data-element_type=\"widget\" data-e-type=\"widget\" data-widget_type=\"google_maps.default\">\n\t\t\t\t<div class=\"elementor-widget-container\">\n\t\t\t\t\t\t\t<div class=\"elementor-custom-embed\">\n\t\t\t<iframe loading=\"lazy\"\n\t\t\t\t\tsrc=\"https:\/\/maps.google.com\/maps?q=C%2F%20Feixa%20Llarga%20s%2Fn%2C%2008907%2C%20Barcelona&#038;t=m&#038;z=15&#038;output=embed&#038;iwloc=near\"\n\t\t\t\t\ttitle=\"C \/ Feixa Llarga s \/ n, 08907, Barcelona\"\n\t\t\t\t\taria-label=\"C \/ Feixa Llarga s \/ n, 08907, Barcelona\"\n\t\t\t><\/iframe>\n\t\t<\/div>\n\t\t\t\t\t\t<\/div>\n\t\t\t\t<\/div>\n\t\t\t\t\t<\/div>\n\t\t<\/div>\n\t\t\t\t\t<\/div>\n\t\t<\/section>\n\t\t\t\t<section class=\"elementor-section elementor-top-section elementor-element elementor-element-c758858 elementor-section-boxed elementor-section-height-default elementor-section-height-default\" data-id=\"c758858\" data-element_type=\"section\" data-e-type=\"section\">\n\t\t\t\t\t\t<div class=\"elementor-container elementor-column-gap-default\">\n\t\t\t\t\t<div class=\"elementor-column elementor-col-100 elementor-top-column elementor-element elementor-element-f43a188\" data-id=\"f43a188\" data-element_type=\"column\" data-e-type=\"column\">\n\t\t\t<div class=\"elementor-widget-wrap elementor-element-populated\">\n\t\t\t\t\t\t<div class=\"elementor-element elementor-element-64f021b elementor-widget elementor-widget-menu-anchor\" data-id=\"64f021b\" data-element_type=\"widget\" data-e-type=\"widget\" data-widget_type=\"menu-anchor.default\">\n\t\t\t\t<div class=\"elementor-widget-container\">\n\t\t\t\t\t\t\t<div class=\"elementor-menu-anchor\" id=\"detalles-oro\"><\/div>\n\t\t\t\t\t\t<\/div>\n\t\t\t\t<\/div>\n\t\t\t\t<div class=\"elementor-element elementor-element-51f1a8d elementor-widget elementor-widget-heading\" data-id=\"51f1a8d\" data-element_type=\"widget\" data-e-type=\"widget\" data-widget_type=\"heading.default\">\n\t\t\t\t<div class=\"elementor-widget-container\">\n\t\t\t\t\t<h1 class=\"elementor-heading-title elementor-size-default\">Tots els detalls del m\u00e0ster<\/h1>\t\t\t\t<\/div>\n\t\t\t\t<\/div>\n\t\t\t\t<div class=\"elementor-element elementor-element-b2e0470 elementor-widget elementor-widget-toggle\" data-id=\"b2e0470\" data-element_type=\"widget\" data-e-type=\"widget\" data-widget_type=\"toggle.default\">\n\t\t\t\t<div class=\"elementor-widget-container\">\n\t\t\t\t\t\t\t<div class=\"elementor-toggle\">\n\t\t\t\t\t\t\t<div class=\"elementor-toggle-item\">\n\t\t\t\t\t<div id=\"elementor-tab-title-1871\" class=\"elementor-tab-title\" data-tab=\"1\" role=\"button\" aria-controls=\"elementor-tab-content-1871\" aria-expanded=\"false\">\n\t\t\t\t\t\t\t\t\t\t\t\t<span class=\"elementor-toggle-icon elementor-toggle-icon-left\" aria-hidden=\"true\">\n\t\t\t\t\t\t\t\t\t\t\t\t\t\t\t<span class=\"elementor-toggle-icon-closed\"><i class=\"fas fa-angle-double-down\"><\/i><\/span>\n\t\t\t\t\t\t\t\t<span class=\"elementor-toggle-icon-opened\"><i class=\"elementor-toggle-icon-opened fas fa-angle-double-up\"><\/i><\/span>\n\t\t\t\t\t\t\t\t\t\t\t\t\t<\/span>\n\t\t\t\t\t\t\t\t\t\t\t\t<a class=\"elementor-toggle-title\" tabindex=\"0\">Objectius<\/a>\n\t\t\t\t\t<\/div>\n\n\t\t\t\t\t<div id=\"elementor-tab-content-1871\" class=\"elementor-tab-content elementor-clearfix\" data-tab=\"1\" role=\"region\" aria-labelledby=\"elementor-tab-title-1871\"><ul><li style=\"text-align: justify;\"><img decoding=\"async\" class=\"wp-image-3832 size-medium alignright\" src=\"https:\/\/masterrehabilitacionoralub.com\/wp-content\/uploads\/2022\/02\/IMG_9083-225x300.png\" alt=\"\" width=\"225\" height=\"300\" srcset=\"https:\/\/masterrehabilitacionoralub.com\/wp-content\/uploads\/2022\/02\/IMG_9083-225x300.png 225w, https:\/\/masterrehabilitacionoralub.com\/wp-content\/uploads\/2022\/02\/IMG_9083-768x1023.png 768w, https:\/\/masterrehabilitacionoralub.com\/wp-content\/uploads\/2022\/02\/IMG_9083-9x12.png 9w, https:\/\/masterrehabilitacionoralub.com\/wp-content\/uploads\/2022\/02\/IMG_9083.png 800w\" sizes=\"(max-width: 225px) 100vw, 225px\" \/>Aconseguir els coneixements te\u00f2rics i les compet\u00e8ncies cl\u00edniques necess\u00e0ries, tant te\u00f2riques com pr\u00e0ctiques, per avaluar, diagnosticar i dur a terme tots els tractaments prostod\u00f2ntics que existeixen actualment en tot el seu espectre de dificultat, des dels tractaments m\u00e9s senzills, que tamb\u00e9 pot realitzar un dentista general, fins als tractaments de rehabilitaci\u00f3 oral m\u00e9s complexos, que requereixen coneixements especialitzats. En aquest \u00faltim aspecte es troben els tractaments que s'anomenen globalment \"rehabilitaci\u00f3 oral\" i que impliquen canvis fonamentals en els determinants de l'oclusi\u00f3, com la dimensi\u00f3 vertical, les relacions intermaxil\u00b7lars i l'est\u00e8tica.<\/li><li style=\"text-align: justify;\">Aconseguir els coneixements te\u00f2rics i les compet\u00e8ncies cl\u00edniques necess\u00e0ries per avaluar, diagnosticar i tractar pacients amb disfunci\u00f3 craniomandibular, i contribuir al diagn\u00f2stic i tractament, en un equip multidisciplinari d'\u00e0lgies facials.<\/li><li style=\"text-align: justify;\">Aconseguir els coneixements te\u00f2rics i les compet\u00e8ncies cl\u00edniques necess\u00e0ries per avaluar i tractar pacients amb roncopatia simple o s\u00edndrome d'apnea obstructiva del son amb dispositius d'avan\u00e7ament mandibular.<\/li><li style=\"text-align: justify;\">Adquirir les habilitats necess\u00e0ries per seguir estudiant al llarg de tota la vida, desenvolupant una pr\u00e0ctica basada en l'evid\u00e8ncia cient\u00edfica. Ser capa\u00e7 d'analitzar cr\u00edticament el coneixement contemporani, estant a el dia dels aven\u00e7os m\u00e9s recents en Prostodoncia. Llegir, comprendre i analitzar la literatura cient\u00edfica rellevant.<\/li><\/ul><\/div>\n\t\t\t\t<\/div>\n\t\t\t\t\t\t\t<div class=\"elementor-toggle-item\">\n\t\t\t\t\t<div id=\"elementor-tab-title-1872\" class=\"elementor-tab-title\" data-tab=\"2\" role=\"button\" aria-controls=\"elementor-tab-content-1872\" aria-expanded=\"false\">\n\t\t\t\t\t\t\t\t\t\t\t\t<span class=\"elementor-toggle-icon elementor-toggle-icon-left\" aria-hidden=\"true\">\n\t\t\t\t\t\t\t\t\t\t\t\t\t\t\t<span class=\"elementor-toggle-icon-closed\"><i class=\"fas fa-angle-double-down\"><\/i><\/span>\n\t\t\t\t\t\t\t\t<span class=\"elementor-toggle-icon-opened\"><i class=\"elementor-toggle-icon-opened fas fa-angle-double-up\"><\/i><\/span>\n\t\t\t\t\t\t\t\t\t\t\t\t\t<\/span>\n\t\t\t\t\t\t\t\t\t\t\t\t<a class=\"elementor-toggle-title\" tabindex=\"0\">Metodologia<\/a>\n\t\t\t\t\t<\/div>\n\n\t\t\t\t\t<div id=\"elementor-tab-content-1872\" class=\"elementor-tab-content elementor-clearfix\" data-tab=\"2\" role=\"region\" aria-labelledby=\"elementor-tab-title-1872\"><p><img decoding=\"async\" class=\"wp-image-3839 size-medium alignright\" src=\"https:\/\/masterrehabilitacionoralub.com\/wp-content\/uploads\/2022\/02\/IMG_9122-225x300.png\" alt=\"\" width=\"225\" height=\"300\" srcset=\"https:\/\/masterrehabilitacionoralub.com\/wp-content\/uploads\/2022\/02\/IMG_9122-225x300.png 225w, https:\/\/masterrehabilitacionoralub.com\/wp-content\/uploads\/2022\/02\/IMG_9122-768x1023.png 768w, https:\/\/masterrehabilitacionoralub.com\/wp-content\/uploads\/2022\/02\/IMG_9122-9x12.png 9w, https:\/\/masterrehabilitacionoralub.com\/wp-content\/uploads\/2022\/02\/IMG_9122.png 800w\" sizes=\"(max-width: 225px) 100vw, 225px\" \/><\/p><p style=\"text-align: justify;\">Aquest curs est\u00e0 dissenyat per guiar la formaci\u00f3 dels estudiants en Prostod\u00f2ncia i Disfunci\u00f3 Craniomandibular.<\/p><p style=\"text-align: justify;\">La pr\u00e0ctica d'aquesta modalitat terap\u00e8utica exigeix el desenvolupament d'una s\u00e8rie d'habilitats te\u00f2rico-mentals (adquisici\u00f3 de coneixements, observaci\u00f3, raonament, planificaci\u00f3, visualitzaci\u00f3 mental), afectiva-pr\u00e0ctica (habilitat manual, comunicaci\u00f3 efectiva, relacions interpersonals) i relacionades amb la recerca. \u00c9s per aix\u00f2 que el programa cont\u00e9 activitats te\u00f2riques, pr\u00e0ctiques i la realitzaci\u00f3 d'un treball de recerca.<\/p><p style=\"text-align: justify;\">Les activitats per als alumnes de primer curs representen un rep\u00e0s i aprofundiment dels coneixements que van comen\u00e7ar a adquirir durant l&#039;ensenyament de grau. Les activitats per als alumnes del segon i tercer curs se centren en la posada al dia dels coneixements m\u00e9s espec\u00edfics i complexos de la prostod\u00f2ncia, la disfunci\u00f3 crani mandibular i els tractaments que l&#039;odontologia pot aportar al tractament de la s\u00edndrome d&#039;apnea del son obstructiu.<\/p><p style=\"text-align: justify;\">No hi ha classes magistrals, sin\u00f3 seminaris i sessions cl\u00edniques.<\/p><p style=\"text-align: justify;\">L'aprenentatge es basa, fonamentalment, en el sistema de \"resoluci\u00f3 de problemes\" que consisteix a anar descobrint les pr\u00f2pies mancances de coneixement, enfrontant-se a situacions reals de necessitat de tractament per part dels pacients, i resoldre aquestes defici\u00e8ncies a for\u00e7a de buscar en les fonts bibliogr\u00e0fiques els coneixements pertinents i procedir al seu estudi i la seva posada en pr\u00e0ctica. Els estudiants treballen en grups de dos.<\/p><p style=\"text-align: justify;\">Totes les pr\u00e0ctiques s\u00f3n internes, a l'Hospital Odontol\u00f2gic Universitat de Barcelona.<\/p><\/div>\n\t\t\t\t<\/div>\n\t\t\t\t\t\t\t<div class=\"elementor-toggle-item\">\n\t\t\t\t\t<div id=\"elementor-tab-title-1873\" class=\"elementor-tab-title\" data-tab=\"3\" role=\"button\" aria-controls=\"elementor-tab-content-1873\" aria-expanded=\"false\">\n\t\t\t\t\t\t\t\t\t\t\t\t<span class=\"elementor-toggle-icon elementor-toggle-icon-left\" aria-hidden=\"true\">\n\t\t\t\t\t\t\t\t\t\t\t\t\t\t\t<span class=\"elementor-toggle-icon-closed\"><i class=\"fas fa-angle-double-down\"><\/i><\/span>\n\t\t\t\t\t\t\t\t<span class=\"elementor-toggle-icon-opened\"><i class=\"elementor-toggle-icon-opened fas fa-angle-double-up\"><\/i><\/span>\n\t\t\t\t\t\t\t\t\t\t\t\t\t<\/span>\n\t\t\t\t\t\t\t\t\t\t\t\t<a class=\"elementor-toggle-title\" tabindex=\"0\">Programa<\/a>\n\t\t\t\t\t<\/div>\n\n\t\t\t\t\t<div id=\"elementor-tab-content-1873\" class=\"elementor-tab-content elementor-clearfix\" data-tab=\"3\" role=\"region\" aria-labelledby=\"elementor-tab-title-1873\"><p style=\"text-align: justify;\"><strong><img loading=\"lazy\" decoding=\"async\" class=\"wp-image-3828 size-medium alignright\" src=\"https:\/\/masterrehabilitacionoralub.com\/wp-content\/uploads\/2022\/02\/IMG_9090-225x300.png\" alt=\"\" width=\"225\" height=\"300\" srcset=\"https:\/\/masterrehabilitacionoralub.com\/wp-content\/uploads\/2022\/02\/IMG_9090-225x300.png 225w, https:\/\/masterrehabilitacionoralub.com\/wp-content\/uploads\/2022\/02\/IMG_9090-768x1023.png 768w, https:\/\/masterrehabilitacionoralub.com\/wp-content\/uploads\/2022\/02\/IMG_9090-9x12.png 9w, https:\/\/masterrehabilitacionoralub.com\/wp-content\/uploads\/2022\/02\/IMG_9090.png 800w\" sizes=\"(max-width: 225px) 100vw, 225px\" \/>M\u00f2dul 1:<\/strong> T\u00e8cniques diagn\u00f2stiques en Oclusi\u00f3 i Rehabilitaci\u00f3 oral. Modalitats b\u00e0siques de tractament prostod\u00f2ntic.\u00a0<\/p><p style=\"text-align: justify;\"><strong>M\u00f2dul 2:<\/strong> Estudi, diagn\u00f2stic, establiment i execuci\u00f3 de plans de tractament en situacions complexes.\u00a0<\/p><p style=\"text-align: justify;\"><strong>M\u00f2dul 3:<\/strong> Disfunci\u00f3 craniomandibular. Estudi, diagn\u00f2stic i tractament de pacients que presenten roncopatia simple o s\u00edndrome d&#039;apnea del son obstructiu amb dispositius d&#039;aven\u00e7 mandibular.<\/p><p style=\"text-align: justify;\"><strong>M\u00f2dul 4:<\/strong>\u00a0TFM.<\/p><p style=\"text-align: center;\">Es tracta d'un curs professionalitzant que es ve impartint des de fa 30 anys!<\/p><\/div>\n\t\t\t\t<\/div>\n\t\t\t\t\t\t\t<div class=\"elementor-toggle-item\">\n\t\t\t\t\t<div id=\"elementor-tab-title-1874\" class=\"elementor-tab-title\" data-tab=\"4\" role=\"button\" aria-controls=\"elementor-tab-content-1874\" aria-expanded=\"false\">\n\t\t\t\t\t\t\t\t\t\t\t\t<span class=\"elementor-toggle-icon elementor-toggle-icon-left\" aria-hidden=\"true\">\n\t\t\t\t\t\t\t\t\t\t\t\t\t\t\t<span class=\"elementor-toggle-icon-closed\"><i class=\"fas fa-angle-double-down\"><\/i><\/span>\n\t\t\t\t\t\t\t\t<span class=\"elementor-toggle-icon-opened\"><i class=\"elementor-toggle-icon-opened fas fa-angle-double-up\"><\/i><\/span>\n\t\t\t\t\t\t\t\t\t\t\t\t\t<\/span>\n\t\t\t\t\t\t\t\t\t\t\t\t<a class=\"elementor-toggle-title\" tabindex=\"0\">Contingut del Pla Docent<\/a>\n\t\t\t\t\t<\/div>\n\n\t\t\t\t\t<div id=\"elementor-tab-content-1874\" class=\"elementor-tab-content elementor-clearfix\" data-tab=\"4\" role=\"region\" aria-labelledby=\"elementor-tab-title-1874\"><p><img loading=\"lazy\" decoding=\"async\" class=\"wp-image-3840 size-medium alignright\" src=\"https:\/\/masterrehabilitacionoralub.com\/wp-content\/uploads\/2022\/02\/IMG_9133-225x300.png\" alt=\"\" width=\"225\" height=\"300\" srcset=\"https:\/\/masterrehabilitacionoralub.com\/wp-content\/uploads\/2022\/02\/IMG_9133-225x300.png 225w, https:\/\/masterrehabilitacionoralub.com\/wp-content\/uploads\/2022\/02\/IMG_9133-768x1023.png 768w, https:\/\/masterrehabilitacionoralub.com\/wp-content\/uploads\/2022\/02\/IMG_9133-9x12.png 9w, https:\/\/masterrehabilitacionoralub.com\/wp-content\/uploads\/2022\/02\/IMG_9133.png 800w\" sizes=\"(max-width: 225px) 100vw, 225px\" \/>Hist\u00f2ria cl\u00ednica, exploraci\u00f3 del pacient, proves complement\u00e0ries<\/p><p>El diagn\u00f2stic en prostod\u00f2ncia: predictibilitat, factors d'\u00e8xit i de frac\u00e0s<\/p><p>Pla de tractament en prostod\u00f2ncia: avantatges i inconvenients de cadascuna de les possibilitats, indicacions i contraindicacions, longevitat dels diversos tractaments, enfocament centrat en el pacient<\/p><p>Necessitats de pr\u00f2tesis en el pacient totalment dentat:<\/p><ul><li>Reconstrucci\u00f3 de dents amb gran afectaci\u00f3 estructural<\/li><li>Criteris de manteniment \/ exod\u00f2ncia de les dents romanents en el context de la prostod\u00f2ncia<\/li><li>Corones: sistema metall-cer\u00e0mica i sistemes totalment cer\u00e0mics: tipus, t\u00e8cniques i materials<\/li><li>Carilles, inlays, onlays, overlays, endocorones<\/li><\/ul><p>T\u00e8cniques d'impressi\u00f3 en el pacient dentat, materials d'impressi\u00f3, sistemes digitals<\/p><p>Opcions terap\u00e8utiques en el pacient parcialment ed\u00e8ntul:<\/p><ul><li>Pr\u00f2tesis parcials fixes dentosuportades: tipus, t\u00e8cniques, selecci\u00f3 de pilars, materials<\/li><li>Pr\u00f2tesi parcial removible: pr\u00f2tesi esquel\u00e8tica, nous materials<\/li><li>Pr\u00f2tesi mixta i corones telesc\u00f2piques<\/li><li>Pr\u00f2tesi parcial fixa sobre dents VS pr\u00f2tesi parcial fixa sobre implants<\/li><li>Pr\u00f2tesi sobre implants per substituir dents unit\u00e0ries<\/li><li>Pr\u00f2tesi sobre implants per substituir sectors parcials<\/li><li>Fonaments biomec\u00e0nics de la pr\u00f2tesi parcial sobre implants<\/li><li>Planificaci\u00f3: mesurament d'espais, disponibilitat \u00f2ssia, tipus de connexions, presa de decisions<\/li><li>Resultats esperats, complicacions esperades i manteniment<\/li><\/ul><p>T\u00e8cniques d'impressi\u00f3 en el pacient parcialment ed\u00e8ntul, materials d'impressi\u00f3, sistemes digitals<\/p><p>Provisionalitzaci\u00f3 sobre implants unitaris i sectors parcials<\/p><p>T\u00e8cniques de construcci\u00f3 en la pr\u00f2tesi sobre implants, cl\u00e0ssiques i modernes. Tecnologia CAD-CAM, protocols:<\/p><ul><li>Diferents connexions, les seves caracter\u00edstiques, avantatges i inconvenients<\/li><li>Pr\u00f2tesis cimentades vs cargolades, components prot\u00e8sics<\/li><li>La biomec\u00e0nica de la pr\u00f2tesi parcial sobre implants<\/li><li>Ajust passiu<\/li><li>Proporci\u00f3 corona-implant<\/li><\/ul><p>Opcions terap\u00e8utiques en el pacient totalment ed\u00e8ntul:<\/p><ul><li>Qualitat de vida en pacients ed\u00e8ntuls totals<\/li><li>Pr\u00f2tesis completa convencional<\/li><li>Pr\u00f2tesi removible sobre implants: sobredentadures mandibulars i maxil\u00b7lars: nombre d'implants i tipus de sobredentadures en cada cas<\/li><li>Tipus d'ancoratges i sistemes de retenci\u00f3. T\u00e8cniques de resinat i elaboraci\u00f3, complicacions freq\u00fcents<\/li><li>Pr\u00f2tesis fixa d'arc complet sobre implants: tipus h\u00edbrid, tipus \u00abcorona-pont\u00bb<\/li><li>Localitzaci\u00f3, distribuci\u00f3 i inclinaci\u00f3 dels implants.  Guia quir\u00fargica<\/li><li>Soluci\u00f3 de casos complexos, amb comprom\u00eds est\u00e8tic del grup anterior<\/li><li>T\u00e8cniques de tractament del maxil\u00b7lar atr\u00f2fic<\/li><li>C\u00e0rrega immediata<\/li><li>Provisionalitzaci\u00f3 en la pr\u00f2tesi fixa sobre implants: p\u00f2ntics ovoides, perfils d'emerg\u00e8ncia<\/li><\/ul><p>Flux digital a prostod\u00f2ncia<\/p><p>Criteris i m\u00e8todes diagn\u00f2stics en rehabilitaci\u00f3 oral:<\/p><ul><li>P\u00e8rdua de subst\u00e0ncia dent\u00e0ria<\/li><li>Dimensi\u00f3 vertical d'oclusi\u00f3<\/li><li>Pla occlusal<\/li><li>Relaci\u00f3 intermaxil\u00b7lar<\/li><li>Disseny d'una nova oclusi\u00f3<\/li><li>Restauraci\u00f3 de la funci\u00f3<\/li><li>Restauraci\u00f3 de l'est\u00e8tica<\/li><li>Oclusi\u00f3 i rendiment masticatori en el pacient parcialment ed\u00e8ntul<\/li><li>Oclusi\u00f3 i efic\u00e0cia masticat\u00f2ria<\/li><li>T\u00e8cniques de registre oclusal<\/li><li>Muntatge en l'articulador semi-ajustable<\/li><\/ul><p>T\u00e8cniques adhesives en pr\u00f2tesi fixa dentosuportada<\/p><p>T\u00e8cnica B.O.P.T.<\/p><p>Aportacions actuals a l'est\u00e8tica en prostod\u00f2ncia: disseny digital del somriure, esc\u00e0ner facial, evoluci\u00f3 dels materials i les t\u00e8cniques de reconstrucci\u00f3<\/p><p>Disfunci\u00f3 craniomandibular (DCM), Trastorns temporomandibulars (TTM), Medicina dental del son (MDS):<\/p><ul><li>Definicions DCM, TTM. Prevalen\u00e7a i impacte de la DCM en la qualitat de vida<\/li><li>Dolor. Model biopsicosocial del dolor. Sensibilitzaci\u00f3 central i dolor cr\u00f2nic. Dolor orofacial. Grups de treball<\/li><li>Trastorns musculars i articulars. Model del dolor muscular. La inflamaci\u00f3 articular. Determinants biol\u00f2gics i factors de risc. Comorbiditats<\/li><li>Eines diagn\u00f2stiques actuals basades en l'avaluaci\u00f3 estandarditzada: Diagnostic Criteria for Temporomandibular Disorders (DC\/TMD)<\/li><li>Tractament de la DCM: l'enfocament multimodal<\/li><li>Bruxisme del son. Definici\u00f3, etiopatog\u00e8nia: factors perif\u00e8rics i centrals. Gradaci\u00f3 i criteris diagn\u00f2stics. Manifestacions cl\u00edniques. Bruxisme del son i S\u00edndrome d'Apnea-Hypoapnea (SAHS)<\/li><li>Bruxisme de la vig\u00edlia<\/li><li>Bruxisme i disfunci\u00f3 craniomandibular<\/li><li>Algorisme d'avaluaci\u00f3 i maneig cl\u00ednic del bruxisme del son<\/li><li>El son: fisiologia, t\u00e8cniques d'estudi, classificaci\u00f3 dels trastorns del son<\/li><li>La polisomnografia, concepte i interpretaci\u00f3 per a odont\u00f2legs<\/li><li>Trastorns respiratoris del son. Roncopatia simple, S\u00edndrome d'Apnea-Hypoapnea del Son(SAHS). Definici\u00f3, etiopatog\u00e8nia, criteris diagn\u00f2stics, prevalen\u00e7a i impacte en la qualitat de vida<\/li><li>Paper i responsabilitats de l'odont\u00f2leg en el tractament del ronc i el SAHS<\/li><li>Dispositius d'avan\u00e7ament mandibular (DAM). Mecanisme d'acci\u00f3, tipus i caracter\u00edstiques<\/li><li>Algorisme de maneig del pacient amb ronc o SAHS, situaci\u00f3 actual. Proposta d'un protocol d'actuaci\u00f3 per a l'odontologia<\/li><\/ul><\/div>\n\t\t\t\t<\/div>\n\t\t\t\t\t\t\t\t<\/div>\n\t\t\t\t\t\t<\/div>\n\t\t\t\t<\/div>\n\t\t\t\t\t<\/div>\n\t\t<\/div>\n\t\t\t\t\t<\/div>\n\t\t<\/section>\n\t\t\t\t<section class=\"elementor-section elementor-top-section elementor-element elementor-element-cb8c3f9 elementor-section-boxed elementor-section-height-default elementor-section-height-default\" data-id=\"cb8c3f9\" data-element_type=\"section\" data-e-type=\"section\">\n\t\t\t\t\t\t<div class=\"elementor-container elementor-column-gap-default\">\n\t\t\t\t\t<div class=\"elementor-column elementor-col-100 elementor-top-column elementor-element elementor-element-a6495a8\" data-id=\"a6495a8\" data-element_type=\"column\" data-e-type=\"column\">\n\t\t\t<div class=\"elementor-widget-wrap elementor-element-populated\">\n\t\t\t\t\t\t<div class=\"elementor-element elementor-element-be5580c elementor-widget elementor-widget-menu-anchor\" data-id=\"be5580c\" data-element_type=\"widget\" data-e-type=\"widget\" data-widget_type=\"menu-anchor.default\">\n\t\t\t\t<div class=\"elementor-widget-container\">\n\t\t\t\t\t\t\t<div class=\"elementor-menu-anchor\" id=\"equipo-oro\"><\/div>\n\t\t\t\t\t\t<\/div>\n\t\t\t\t<\/div>\n\t\t\t\t<div class=\"elementor-element elementor-element-924a91f elementor-widget elementor-widget-heading\" data-id=\"924a91f\" data-element_type=\"widget\" data-e-type=\"widget\" data-widget_type=\"heading.default\">\n\t\t\t\t<div class=\"elementor-widget-container\">\n\t\t\t\t\t<h1 class=\"elementor-heading-title elementor-size-default\">Coneix l'Equip Docent<\/h1>\t\t\t\t<\/div>\n\t\t\t\t<\/div>\n\t\t\t\t\t<\/div>\n\t\t<\/div>\n\t\t\t\t\t<\/div>\n\t\t<\/section>\n\t\t\t\t<section class=\"elementor-section elementor-top-section elementor-element elementor-element-256e4580 elementor-section-boxed elementor-section-height-default elementor-section-height-default\" data-id=\"256e4580\" data-element_type=\"section\" data-e-type=\"section\">\n\t\t\t\t\t\t<div class=\"elementor-container elementor-column-gap-default\">\n\t\t\t\t\t<div class=\"elementor-column elementor-col-100 elementor-top-column elementor-element elementor-element-5f6802d1\" data-id=\"5f6802d1\" data-element_type=\"column\" data-e-type=\"column\">\n\t\t\t<div class=\"elementor-widget-wrap elementor-element-populated\">\n\t\t\t\t\t\t<div class=\"elementor-element elementor-element-308fe488 elementor-widget elementor-widget-heading\" data-id=\"308fe488\" data-element_type=\"widget\" data-e-type=\"widget\" data-widget_type=\"heading.default\">\n\t\t\t\t<div class=\"elementor-widget-container\">\n\t\t\t\t\t<h2 class=\"elementor-heading-title elementor-size-default\">Directors<\/h2>\t\t\t\t<\/div>\n\t\t\t\t<\/div>\n\t\t\t\t\t<\/div>\n\t\t<\/div>\n\t\t\t\t\t<\/div>\n\t\t<\/section>\n\t\t\t\t<section class=\"elementor-section elementor-top-section elementor-element elementor-element-57154821 elementor-section-boxed elementor-section-height-default elementor-section-height-default\" data-id=\"57154821\" data-element_type=\"section\" data-e-type=\"section\">\n\t\t\t\t\t\t<div class=\"elementor-container elementor-column-gap-default\">\n\t\t\t\t\t<div class=\"elementor-column elementor-col-33 elementor-top-column elementor-element elementor-element-29013970\" data-id=\"29013970\" data-element_type=\"column\" data-e-type=\"column\">\n\t\t\t<div class=\"elementor-widget-wrap elementor-element-populated\">\n\t\t\t\t\t\t<div class=\"elementor-element elementor-element-6061ec96 elementor-widget elementor-widget-image\" data-id=\"6061ec96\" data-element_type=\"widget\" data-e-type=\"widget\" data-widget_type=\"image.default\">\n\t\t\t\t<div class=\"elementor-widget-container\">\n\t\t\t\t\t\t\t\t\t\t\t\t\t\t\t<img loading=\"lazy\" decoding=\"async\" width=\"215\" height=\"235\" src=\"https:\/\/masterrehabilitacionoralub.com\/wp-content\/uploads\/2020\/09\/dra.peraire.png\" class=\"attachment-medium size-medium wp-image-1588\" alt=\"\" \/>\t\t\t\t\t\t\t\t\t\t\t\t\t\t\t<\/div>\n\t\t\t\t<\/div>\n\t\t\t\t<div class=\"elementor-element elementor-element-0bb2aad elementor-widget elementor-widget-heading\" data-id=\"0bb2aad\" data-element_type=\"widget\" data-e-type=\"widget\" data-widget_type=\"heading.default\">\n\t\t\t\t<div class=\"elementor-widget-container\">\n\t\t\t\t\t<h2 class=\"elementor-heading-title elementor-size-default\">Dra. Mariona Peraire Ard\u00e8vol<\/h2>\t\t\t\t<\/div>\n\t\t\t\t<\/div>\n\t\t\t\t<div class=\"elementor-element elementor-element-798291a elementor-widget elementor-widget-text-editor\" data-id=\"798291a\" data-element_type=\"widget\" data-e-type=\"widget\" data-widget_type=\"text-editor.default\">\n\t\t\t\t<div class=\"elementor-widget-container\">\n\t\t\t\t\t\t\t\t\t<ul><li>Llicenciada en Medicina i Cirurgia<\/li><li>Doctora en Medicina i Cirurgia<\/li><li>Especialista en Neurologia i Estomatologia<\/li><li>Catedr\u00e0tica d'Oclusi\u00f3 i Prostod\u00f2ncia de la Facultat de Medicina i Ci\u00e8ncies de la Salut de la Universitat de Barcelona<\/li><li>Cap del Servei de Prostod\u00f2ncia de l'Hospital Odontol\u00f2gic Universitat de Barcelona<\/li><li>Grup l\u00edder \"Salut Oral i sistema masticatori\" de l'Institut de Recerca Biom\u00e8dica de Bellvitge (IDIBELL)<\/li><\/ul>\t\t\t\t\t\t\t\t<\/div>\n\t\t\t\t<\/div>\n\t\t\t\t\t<\/div>\n\t\t<\/div>\n\t\t\t\t<div class=\"elementor-column elementor-col-33 elementor-top-column elementor-element elementor-element-745f65e2\" data-id=\"745f65e2\" data-element_type=\"column\" data-e-type=\"column\">\n\t\t\t<div class=\"elementor-widget-wrap elementor-element-populated\">\n\t\t\t\t\t\t<div class=\"elementor-element elementor-element-7a656dde elementor-widget elementor-widget-image\" data-id=\"7a656dde\" data-element_type=\"widget\" data-e-type=\"widget\" data-widget_type=\"image.default\">\n\t\t\t\t<div class=\"elementor-widget-container\">\n\t\t\t\t\t\t\t\t\t\t\t\t<figure class=\"wp-caption\">\n\t\t\t\t\t\t\t\t\t\t<img loading=\"lazy\" decoding=\"async\" width=\"200\" height=\"200\" src=\"https:\/\/masterrehabilitacionoralub.com\/wp-content\/uploads\/2020\/09\/Dr.Anglada-200x200-1.jpg\" class=\"attachment-full size-full wp-image-1773\" alt=\"\" srcset=\"https:\/\/masterrehabilitacionoralub.com\/wp-content\/uploads\/2020\/09\/Dr.Anglada-200x200-1.jpg 200w, https:\/\/masterrehabilitacionoralub.com\/wp-content\/uploads\/2020\/09\/Dr.Anglada-200x200-1-150x150.jpg 150w, https:\/\/masterrehabilitacionoralub.com\/wp-content\/uploads\/2020\/09\/Dr.Anglada-200x200-1-100x100.jpg 100w\" sizes=\"(max-width: 200px) 100vw, 200px\" \/>\t\t\t\t\t\t\t\t\t\t\t<figcaption class=\"widget-image-caption wp-caption-text\"><\/figcaption>\n\t\t\t\t\t\t\t\t\t\t<\/figure>\n\t\t\t\t\t\t\t\t\t<\/div>\n\t\t\t\t<\/div>\n\t\t\t\t<div class=\"elementor-element elementor-element-930728c elementor-widget elementor-widget-heading\" data-id=\"930728c\" data-element_type=\"widget\" data-e-type=\"widget\" data-widget_type=\"heading.default\">\n\t\t\t\t<div class=\"elementor-widget-container\">\n\t\t\t\t\t<h2 class=\"elementor-heading-title elementor-size-default\">Dr. Josep Maria Anglada Cantarell<\/h2>\t\t\t\t<\/div>\n\t\t\t\t<\/div>\n\t\t\t\t<div class=\"elementor-element elementor-element-20498517 elementor-widget elementor-widget-text-editor\" data-id=\"20498517\" data-element_type=\"widget\" data-e-type=\"widget\" data-widget_type=\"text-editor.default\">\n\t\t\t\t<div class=\"elementor-widget-container\">\n\t\t\t\t\t\t\t\t\t<ul>\n \t<li>Llicenciat en Medicina i Cirurgia<\/li>\n \t<li>Doctor en Medicina i Cirurgia<\/li>\n \t<li>Especialista en Estomatologia<\/li>\n \t<li>Diploma de postgrau en Oclusi\u00f3 i Rehabiltaci\u00f3 Oral UB<\/li>\n \t<li>Professor Titular a la UPV\/EHU de Desembre de 1998 fins a Juny 2003<\/li>\n \t<li>Professor Titular d'Oclusi\u00f3 i Prostod\u00f2ncia de la Facultat de Medicina i Ci\u00e8ncies de la Salut de la Universitat de Barcelona<\/li>\n<\/ul>\t\t\t\t\t\t\t\t<\/div>\n\t\t\t\t<\/div>\n\t\t\t\t\t<\/div>\n\t\t<\/div>\n\t\t\t\t<div class=\"elementor-column elementor-col-33 elementor-top-column elementor-element elementor-element-ac992fe\" data-id=\"ac992fe\" data-element_type=\"column\" data-e-type=\"column\">\n\t\t\t<div class=\"elementor-widget-wrap elementor-element-populated\">\n\t\t\t\t\t\t<div class=\"elementor-element elementor-element-be11aa4 elementor-widget elementor-widget-image\" data-id=\"be11aa4\" data-element_type=\"widget\" data-e-type=\"widget\" data-widget_type=\"image.default\">\n\t\t\t\t<div class=\"elementor-widget-container\">\n\t\t\t\t\t\t\t\t\t\t\t\t<figure class=\"wp-caption\">\n\t\t\t\t\t\t\t\t\t\t<img loading=\"lazy\" decoding=\"async\" width=\"200\" height=\"200\" src=\"https:\/\/masterrehabilitacionoralub.com\/wp-content\/uploads\/2020\/09\/Dr.Ayuso-200x200-1.jpg\" class=\"attachment-full size-full wp-image-1775\" alt=\"\" srcset=\"https:\/\/masterrehabilitacionoralub.com\/wp-content\/uploads\/2020\/09\/Dr.Ayuso-200x200-1.jpg 200w, https:\/\/masterrehabilitacionoralub.com\/wp-content\/uploads\/2020\/09\/Dr.Ayuso-200x200-1-150x150.jpg 150w, https:\/\/masterrehabilitacionoralub.com\/wp-content\/uploads\/2020\/09\/Dr.Ayuso-200x200-1-100x100.jpg 100w\" sizes=\"(max-width: 200px) 100vw, 200px\" \/>\t\t\t\t\t\t\t\t\t\t\t<figcaption class=\"widget-image-caption wp-caption-text\"><\/figcaption>\n\t\t\t\t\t\t\t\t\t\t<\/figure>\n\t\t\t\t\t\t\t\t\t<\/div>\n\t\t\t\t<\/div>\n\t\t\t\t<div class=\"elementor-element elementor-element-41f152a elementor-widget elementor-widget-heading\" data-id=\"41f152a\" data-element_type=\"widget\" data-e-type=\"widget\" data-widget_type=\"heading.default\">\n\t\t\t\t<div class=\"elementor-widget-container\">\n\t\t\t\t\t<h2 class=\"elementor-heading-title elementor-size-default\">Dr. Ra\u00fal Ayuso Montero<\/h2>\t\t\t\t<\/div>\n\t\t\t\t<\/div>\n\t\t\t\t<div class=\"elementor-element elementor-element-94f48ed elementor-widget elementor-widget-text-editor\" data-id=\"94f48ed\" data-element_type=\"widget\" data-e-type=\"widget\" data-widget_type=\"text-editor.default\">\n\t\t\t\t<div class=\"elementor-widget-container\">\n\t\t\t\t\t\t\t\t\t<ul><li>Llicenciat en Odontologia<\/li><li>Doctor en Odontologia<\/li><li>M\u00e0ster en Oclusi\u00f3 i Rehabilitaci\u00f3 Oral UB<\/li><li>M\u00e0ster en Implantologia Oral<\/li><li>Professor Agregat d'Oclusi\u00f3 i Prostod\u00f2ncia de la Facultat de Medicina i Ci\u00e8ncies de la Salut de la Universitat de Barcelona<\/li><\/ul>\t\t\t\t\t\t\t\t<\/div>\n\t\t\t\t<\/div>\n\t\t\t\t\t<\/div>\n\t\t<\/div>\n\t\t\t\t\t<\/div>\n\t\t<\/section>\n\t\t\t\t<section class=\"elementor-section elementor-top-section elementor-element elementor-element-394b1e89 elementor-section-boxed elementor-section-height-default elementor-section-height-default\" data-id=\"394b1e89\" data-element_type=\"section\" data-e-type=\"section\">\n\t\t\t\t\t\t<div class=\"elementor-container elementor-column-gap-default\">\n\t\t\t\t\t<div class=\"elementor-column elementor-col-100 elementor-top-column elementor-element elementor-element-62286621\" data-id=\"62286621\" data-element_type=\"column\" data-e-type=\"column\">\n\t\t\t<div class=\"elementor-widget-wrap elementor-element-populated\">\n\t\t\t\t\t\t<div class=\"elementor-element elementor-element-69be6d15 elementor-widget elementor-widget-heading\" data-id=\"69be6d15\" data-element_type=\"widget\" data-e-type=\"widget\" data-widget_type=\"heading.default\">\n\t\t\t\t<div class=\"elementor-widget-container\">\n\t\t\t\t\t<h2 class=\"elementor-heading-title elementor-size-default\">Professors<\/h2>\t\t\t\t<\/div>\n\t\t\t\t<\/div>\n\t\t\t\t\t<\/div>\n\t\t<\/div>\n\t\t\t\t\t<\/div>\n\t\t<\/section>\n\t\t\t\t<section class=\"elementor-section elementor-top-section elementor-element elementor-element-28e1d226 elementor-section-boxed elementor-section-height-default elementor-section-height-default\" data-id=\"28e1d226\" data-element_type=\"section\" data-e-type=\"section\">\n\t\t\t\t\t\t<div class=\"elementor-container elementor-column-gap-default\">\n\t\t\t\t\t<div class=\"elementor-column elementor-col-33 elementor-top-column elementor-element elementor-element-62dc25f\" data-id=\"62dc25f\" data-element_type=\"column\" data-e-type=\"column\">\n\t\t\t<div class=\"elementor-widget-wrap elementor-element-populated\">\n\t\t\t\t\t\t<div class=\"elementor-element elementor-element-9658603 elementor-widget elementor-widget-image\" data-id=\"9658603\" data-element_type=\"widget\" data-e-type=\"widget\" data-widget_type=\"image.default\">\n\t\t\t\t<div class=\"elementor-widget-container\">\n\t\t\t\t\t\t\t\t\t\t\t\t<figure class=\"wp-caption\">\n\t\t\t\t\t\t\t\t\t\t<img loading=\"lazy\" decoding=\"async\" width=\"200\" height=\"200\" src=\"https:\/\/masterrehabilitacionoralub.com\/wp-content\/uploads\/2020\/10\/dra.Claudia_Molina-200x200-1.png\" class=\"attachment-medium size-medium wp-image-2223\" alt=\"\" srcset=\"https:\/\/masterrehabilitacionoralub.com\/wp-content\/uploads\/2020\/10\/dra.Claudia_Molina-200x200-1.png 200w, https:\/\/masterrehabilitacionoralub.com\/wp-content\/uploads\/2020\/10\/dra.Claudia_Molina-200x200-1-150x150.png 150w, https:\/\/masterrehabilitacionoralub.com\/wp-content\/uploads\/2020\/10\/dra.Claudia_Molina-200x200-1-100x100.png 100w\" sizes=\"(max-width: 200px) 100vw, 200px\" \/>\t\t\t\t\t\t\t\t\t\t\t<figcaption class=\"widget-image-caption wp-caption-text\"><\/figcaption>\n\t\t\t\t\t\t\t\t\t\t<\/figure>\n\t\t\t\t\t\t\t\t\t<\/div>\n\t\t\t\t<\/div>\n\t\t\t\t<div class=\"elementor-element elementor-element-89d2c2f elementor-widget elementor-widget-heading\" data-id=\"89d2c2f\" data-element_type=\"widget\" data-e-type=\"widget\" data-widget_type=\"heading.default\">\n\t\t\t\t<div class=\"elementor-widget-container\">\n\t\t\t\t\t<h2 class=\"elementor-heading-title elementor-size-default\">Dra. Claudia del Pilar Molina Gil<\/h2>\t\t\t\t<\/div>\n\t\t\t\t<\/div>\n\t\t\t\t<div class=\"elementor-element elementor-element-cc34f1a elementor-widget elementor-widget-text-editor\" data-id=\"cc34f1a\" data-element_type=\"widget\" data-e-type=\"widget\" data-widget_type=\"text-editor.default\">\n\t\t\t\t<div class=\"elementor-widget-container\">\n\t\t\t\t\t\t\t\t\t<ul><li>Llicenciada en Odontologia<\/li><li>Doctora en Odontologia<\/li><li>M\u00e0ster en Oclusi\u00f3 i Rehabilitaci\u00f3 Oral UB<\/li><li>Professora Associada d'Oclusi\u00f3 i Prostod\u00f2ncia de la Facultat de Medicina i Ci\u00e8ncies de la Salut de la Universitat de Barcelona<\/li><li>Diplomada en Implantologia Oral per la UCLA School of Dentistry<\/li><\/ul>\t\t\t\t\t\t\t\t<\/div>\n\t\t\t\t<\/div>\n\t\t\t\t\t<\/div>\n\t\t<\/div>\n\t\t\t\t<div class=\"elementor-column elementor-col-33 elementor-top-column elementor-element elementor-element-bb9a9c8\" data-id=\"bb9a9c8\" data-element_type=\"column\" data-e-type=\"column\">\n\t\t\t<div class=\"elementor-widget-wrap elementor-element-populated\">\n\t\t\t\t\t\t<div class=\"elementor-element elementor-element-de393c1 elementor-widget elementor-widget-image\" data-id=\"de393c1\" data-element_type=\"widget\" data-e-type=\"widget\" data-widget_type=\"image.default\">\n\t\t\t\t<div class=\"elementor-widget-container\">\n\t\t\t\t\t\t\t\t\t\t\t\t<figure class=\"wp-caption\">\n\t\t\t\t\t\t\t\t\t\t<img loading=\"lazy\" decoding=\"async\" width=\"200\" height=\"200\" src=\"https:\/\/masterrehabilitacionoralub.com\/wp-content\/uploads\/2020\/09\/Dr.Nogues-200x200-1.jpg\" class=\"attachment-medium size-medium wp-image-1696\" alt=\"\" srcset=\"https:\/\/masterrehabilitacionoralub.com\/wp-content\/uploads\/2020\/09\/Dr.Nogues-200x200-1.jpg 200w, https:\/\/masterrehabilitacionoralub.com\/wp-content\/uploads\/2020\/09\/Dr.Nogues-200x200-1-150x150.jpg 150w, https:\/\/masterrehabilitacionoralub.com\/wp-content\/uploads\/2020\/09\/Dr.Nogues-200x200-1-100x100.jpg 100w\" sizes=\"(max-width: 200px) 100vw, 200px\" \/>\t\t\t\t\t\t\t\t\t\t\t<figcaption class=\"widget-image-caption wp-caption-text\"><\/figcaption>\n\t\t\t\t\t\t\t\t\t\t<\/figure>\n\t\t\t\t\t\t\t\t\t<\/div>\n\t\t\t\t<\/div>\n\t\t\t\t<div class=\"elementor-element elementor-element-433e8c4 elementor-widget elementor-widget-heading\" data-id=\"433e8c4\" data-element_type=\"widget\" data-e-type=\"widget\" data-widget_type=\"heading.default\">\n\t\t\t\t<div class=\"elementor-widget-container\">\n\t\t\t\t\t<h2 class=\"elementor-heading-title elementor-size-default\">Dr. Llu\u00eds Nogu\u00e9s Pujol<\/h2>\t\t\t\t<\/div>\n\t\t\t\t<\/div>\n\t\t\t\t<div class=\"elementor-element elementor-element-8baa4c2 elementor-widget elementor-widget-text-editor\" data-id=\"8baa4c2\" data-element_type=\"widget\" data-e-type=\"widget\" data-widget_type=\"text-editor.default\">\n\t\t\t\t<div class=\"elementor-widget-container\">\n\t\t\t\t\t\t\t\t\t<ul><li>Diplomat en Infermeria<\/li><li>Llicenciat en Odontologia<\/li><li>Doctor en Odontologia<\/li><li>M\u00e0ster en Oclusi\u00f3 i Rehabilitaci\u00f3 Oral UB<\/li><li>Professor Associat d'Oclusi\u00f3 i Prostod\u00f2ncia de la Facultat de Medicina i Ci\u00e8ncies de la Salut de la Universitat de Barcelona<\/li><li>Soci fundador de la SEMDeS \u00abSociedad Espa\u00f1ola de Medicina Dental del Sue\u00f1o\u00bb<\/li><\/ul>\t\t\t\t\t\t\t\t<\/div>\n\t\t\t\t<\/div>\n\t\t\t\t\t<\/div>\n\t\t<\/div>\n\t\t\t\t<div class=\"elementor-column elementor-col-33 elementor-top-column elementor-element elementor-element-2f2baec\" data-id=\"2f2baec\" data-element_type=\"column\" data-e-type=\"column\">\n\t\t\t<div class=\"elementor-widget-wrap elementor-element-populated\">\n\t\t\t\t\t\t<div class=\"elementor-element elementor-element-93bc4a1 elementor-widget elementor-widget-image\" data-id=\"93bc4a1\" data-element_type=\"widget\" data-e-type=\"widget\" data-widget_type=\"image.default\">\n\t\t\t\t<div class=\"elementor-widget-container\">\n\t\t\t\t\t\t\t\t\t\t\t\t<figure class=\"wp-caption\">\n\t\t\t\t\t\t\t\t\t\t<img loading=\"lazy\" decoding=\"async\" width=\"200\" height=\"200\" src=\"https:\/\/masterrehabilitacionoralub.com\/wp-content\/uploads\/2020\/10\/Dra.Carla-Zamora.png\" class=\"attachment-medium size-medium wp-image-2592\" alt=\"\" srcset=\"https:\/\/masterrehabilitacionoralub.com\/wp-content\/uploads\/2020\/10\/Dra.Carla-Zamora.png 200w, https:\/\/masterrehabilitacionoralub.com\/wp-content\/uploads\/2020\/10\/Dra.Carla-Zamora-150x150.png 150w, https:\/\/masterrehabilitacionoralub.com\/wp-content\/uploads\/2020\/10\/Dra.Carla-Zamora-100x100.png 100w\" sizes=\"(max-width: 200px) 100vw, 200px\" \/>\t\t\t\t\t\t\t\t\t\t\t<figcaption class=\"widget-image-caption wp-caption-text\"><\/figcaption>\n\t\t\t\t\t\t\t\t\t\t<\/figure>\n\t\t\t\t\t\t\t\t\t<\/div>\n\t\t\t\t<\/div>\n\t\t\t\t<div class=\"elementor-element elementor-element-949bf85 elementor-widget elementor-widget-heading\" data-id=\"949bf85\" data-element_type=\"widget\" data-e-type=\"widget\" data-widget_type=\"heading.default\">\n\t\t\t\t<div class=\"elementor-widget-container\">\n\t\t\t\t\t<h2 class=\"elementor-heading-title elementor-size-default\">Dra. Carla Zamora Olave<\/h2>\t\t\t\t<\/div>\n\t\t\t\t<\/div>\n\t\t\t\t<div class=\"elementor-element elementor-element-77e672e elementor-widget elementor-widget-text-editor\" data-id=\"77e672e\" data-element_type=\"widget\" data-e-type=\"widget\" data-widget_type=\"text-editor.default\">\n\t\t\t\t<div class=\"elementor-widget-container\">\n\t\t\t\t\t\t\t\t\t<ul><li>Llicenciada en Odontologia<\/li><li>Doctora en Odontologia<\/li><li>M\u00e0ster en Oclusi\u00f3 i Rehabilitaci\u00f3 Oral UB<\/li><li>T\u00edtol d'acreditaci\u00f3 per la Orofacial Pain Unit-Faculty of Odontology; University of M\u00e4lmo<\/li><li>Professora Associada d'Oclusi\u00f3 i Prostod\u00f2ncia de la Facultat de Medicina i Ci\u00e8ncies de la Salut de la Universitat de Barcelona<\/li><\/ul>\t\t\t\t\t\t\t\t<\/div>\n\t\t\t\t<\/div>\n\t\t\t\t\t<\/div>\n\t\t<\/div>\n\t\t\t\t\t<\/div>\n\t\t<\/section>\n\t\t\t\t<section class=\"elementor-section elementor-top-section elementor-element elementor-element-4470c6e1 elementor-section-boxed elementor-section-height-default elementor-section-height-default\" data-id=\"4470c6e1\" data-element_type=\"section\" data-e-type=\"section\">\n\t\t\t\t\t\t<div class=\"elementor-container elementor-column-gap-default\">\n\t\t\t\t\t<div class=\"elementor-column elementor-col-33 elementor-top-column elementor-element elementor-element-4917181e\" data-id=\"4917181e\" data-element_type=\"column\" data-e-type=\"column\">\n\t\t\t<div class=\"elementor-widget-wrap elementor-element-populated\">\n\t\t\t\t\t\t<div class=\"elementor-element elementor-element-133664d elementor-widget elementor-widget-image\" data-id=\"133664d\" data-element_type=\"widget\" data-e-type=\"widget\" data-widget_type=\"image.default\">\n\t\t\t\t<div class=\"elementor-widget-container\">\n\t\t\t\t\t\t\t\t\t\t\t\t<figure class=\"wp-caption\">\n\t\t\t\t\t\t\t\t\t\t<img loading=\"lazy\" decoding=\"async\" width=\"200\" height=\"200\" src=\"https:\/\/masterrehabilitacionoralub.com\/wp-content\/uploads\/2020\/10\/Dr.Nogueras-200x200-1.jpg\" class=\"attachment-medium size-medium wp-image-2876\" alt=\"\" srcset=\"https:\/\/masterrehabilitacionoralub.com\/wp-content\/uploads\/2020\/10\/Dr.Nogueras-200x200-1.jpg 200w, https:\/\/masterrehabilitacionoralub.com\/wp-content\/uploads\/2020\/10\/Dr.Nogueras-200x200-1-150x150.jpg 150w, https:\/\/masterrehabilitacionoralub.com\/wp-content\/uploads\/2020\/10\/Dr.Nogueras-200x200-1-100x100.jpg 100w\" sizes=\"(max-width: 200px) 100vw, 200px\" \/>\t\t\t\t\t\t\t\t\t\t\t<figcaption class=\"widget-image-caption wp-caption-text\"><\/figcaption>\n\t\t\t\t\t\t\t\t\t\t<\/figure>\n\t\t\t\t\t\t\t\t\t<\/div>\n\t\t\t\t<\/div>\n\t\t\t\t<div class=\"elementor-element elementor-element-f1a63e2 elementor-widget elementor-widget-heading\" data-id=\"f1a63e2\" data-element_type=\"widget\" data-e-type=\"widget\" data-widget_type=\"heading.default\">\n\t\t\t\t<div class=\"elementor-widget-container\">\n\t\t\t\t\t<h2 class=\"elementor-heading-title elementor-size-default\">Dr. Joaquim Nogueras Baiona<\/h2>\t\t\t\t<\/div>\n\t\t\t\t<\/div>\n\t\t\t\t<div class=\"elementor-element elementor-element-467efcad elementor-widget elementor-widget-text-editor\" data-id=\"467efcad\" data-element_type=\"widget\" data-e-type=\"widget\" data-widget_type=\"text-editor.default\">\n\t\t\t\t<div class=\"elementor-widget-container\">\n\t\t\t\t\t\t\t\t\t<ul><li>Llicenciat en Odontologia<\/li><li>Doctor en Odontologia<\/li><li>M\u00e0ster en Oclusi\u00f3 i Rehabilitaci\u00f3 Oral UB<\/li><li>Professor Associat d'Oclusi\u00f3 i Prostod\u00f2ncia de la Facultat de Medicina i Ci\u00e8ncies de la Salut de la Universitat de Barcelona<\/li><\/ul>\t\t\t\t\t\t\t\t<\/div>\n\t\t\t\t<\/div>\n\t\t\t\t\t<\/div>\n\t\t<\/div>\n\t\t\t\t<div class=\"elementor-column elementor-col-33 elementor-top-column elementor-element elementor-element-1968cdb\" data-id=\"1968cdb\" data-element_type=\"column\" data-e-type=\"column\">\n\t\t\t<div class=\"elementor-widget-wrap elementor-element-populated\">\n\t\t\t\t\t\t<div class=\"elementor-element elementor-element-73441ba7 elementor-widget elementor-widget-image\" data-id=\"73441ba7\" data-element_type=\"widget\" data-e-type=\"widget\" data-widget_type=\"image.default\">\n\t\t\t\t<div class=\"elementor-widget-container\">\n\t\t\t\t\t\t\t\t\t\t\t\t<figure class=\"wp-caption\">\n\t\t\t\t\t\t\t\t\t\t<img decoding=\"async\" src=\"https:\/\/masterrehabilitacionoralub.com\/wp-content\/uploads\/2020\/09\/Dr.Bernat-200x200-1.jpg\" title=\"Dr.Bernat-200 \u00d7 200\" alt=\"Dr.Bernat-200x200\" loading=\"lazy\" \/>\t\t\t\t\t\t\t\t\t\t\t<figcaption class=\"widget-image-caption wp-caption-text\"><\/figcaption>\n\t\t\t\t\t\t\t\t\t\t<\/figure>\n\t\t\t\t\t\t\t\t\t<\/div>\n\t\t\t\t<\/div>\n\t\t\t\t<div class=\"elementor-element elementor-element-6b4f07c elementor-widget elementor-widget-heading\" data-id=\"6b4f07c\" data-element_type=\"widget\" data-e-type=\"widget\" data-widget_type=\"heading.default\">\n\t\t\t\t<div class=\"elementor-widget-container\">\n\t\t\t\t\t<h2 class=\"elementor-heading-title elementor-size-default\">Dr. Bernat Rovira Lastra<\/h2>\t\t\t\t<\/div>\n\t\t\t\t<\/div>\n\t\t\t\t<div class=\"elementor-element elementor-element-4ecf2694 elementor-widget elementor-widget-text-editor\" data-id=\"4ecf2694\" data-element_type=\"widget\" data-e-type=\"widget\" data-widget_type=\"text-editor.default\">\n\t\t\t\t<div class=\"elementor-widget-container\">\n\t\t\t\t\t\t\t\t\t<ul><li>Llicenciat en Odontologia<\/li><li>Doctor en Odontologia<\/li><li>M\u00e0ster en Oclusi\u00f3 i Rehabilitaci\u00f3 Oral UB<\/li><li>Professor Agregat d'Oclusi\u00f3 i Prostod\u00f2ncia de la Facultat de Medicina i Ci\u00e8ncies de la Salut de la Universitat de Barcelona<\/li><\/ul>\t\t\t\t\t\t\t\t<\/div>\n\t\t\t\t<\/div>\n\t\t\t\t\t<\/div>\n\t\t<\/div>\n\t\t\t\t<div class=\"elementor-column elementor-col-33 elementor-top-column elementor-element elementor-element-638c5b23\" data-id=\"638c5b23\" data-element_type=\"column\" data-e-type=\"column\">\n\t\t\t<div class=\"elementor-widget-wrap elementor-element-populated\">\n\t\t\t\t\t\t<div class=\"elementor-element elementor-element-3169e9d8 elementor-widget elementor-widget-image\" data-id=\"3169e9d8\" data-element_type=\"widget\" data-e-type=\"widget\" data-widget_type=\"image.default\">\n\t\t\t\t<div class=\"elementor-widget-container\">\n\t\t\t\t\t\t\t\t\t\t\t\t<figure class=\"wp-caption\">\n\t\t\t\t\t\t\t\t\t\t<img loading=\"lazy\" decoding=\"async\" width=\"200\" height=\"200\" src=\"https:\/\/masterrehabilitacionoralub.com\/wp-content\/uploads\/2025\/09\/nuria_zorrilla.png\" class=\"attachment-full size-full wp-image-5651\" alt=\"\" srcset=\"https:\/\/masterrehabilitacionoralub.com\/wp-content\/uploads\/2025\/09\/nuria_zorrilla.png 200w, https:\/\/masterrehabilitacionoralub.com\/wp-content\/uploads\/2025\/09\/nuria_zorrilla-150x150.png 150w, https:\/\/masterrehabilitacionoralub.com\/wp-content\/uploads\/2025\/09\/nuria_zorrilla-12x12.png 12w\" sizes=\"(max-width: 200px) 100vw, 200px\" \/>\t\t\t\t\t\t\t\t\t\t\t<figcaption class=\"widget-image-caption wp-caption-text\"><\/figcaption>\n\t\t\t\t\t\t\t\t\t\t<\/figure>\n\t\t\t\t\t\t\t\t\t<\/div>\n\t\t\t\t<\/div>\n\t\t\t\t<div class=\"elementor-element elementor-element-6e3483d elementor-widget elementor-widget-heading\" data-id=\"6e3483d\" data-element_type=\"widget\" data-e-type=\"widget\" data-widget_type=\"heading.default\">\n\t\t\t\t<div class=\"elementor-widget-container\">\n\t\t\t\t\t<h2 class=\"elementor-heading-title elementor-size-default\">Dra. N\u00faria Zorrilla Ferrer<\/h2>\t\t\t\t<\/div>\n\t\t\t\t<\/div>\n\t\t\t\t<div class=\"elementor-element elementor-element-3dad5e1b elementor-widget elementor-widget-text-editor\" data-id=\"3dad5e1b\" data-element_type=\"widget\" data-e-type=\"widget\" data-widget_type=\"text-editor.default\">\n\t\t\t\t<div class=\"elementor-widget-container\">\n\t\t\t\t\t\t\t\t\t<ul><li>Llicenciada en Odontologia<\/li><li>M\u00e0ster en Oclusi\u00f3 i Rehabilitaci\u00f3 Oral UB<\/li><li>Postgrau en Pr\u00f2tesi per la Societat Catalana d&#039;Odontologia i Estomatologia (SCOE)<\/li><li>Resid\u00e8ncia cl\u00ednica a Odontopediatria per la Universitat Internacional de Catalunya (UIC)<\/li><\/ul>\t\t\t\t\t\t\t\t<\/div>\n\t\t\t\t<\/div>\n\t\t\t\t\t<\/div>\n\t\t<\/div>\n\t\t\t\t\t<\/div>\n\t\t<\/section>\n\t\t\t\t<section class=\"elementor-section elementor-top-section elementor-element elementor-element-1db06163 elementor-section-boxed elementor-section-height-default elementor-section-height-default\" data-id=\"1db06163\" data-element_type=\"section\" data-e-type=\"section\">\n\t\t\t\t\t\t<div class=\"elementor-container elementor-column-gap-default\">\n\t\t\t\t\t<div class=\"elementor-column elementor-col-33 elementor-top-column elementor-element elementor-element-adc3a6e\" data-id=\"adc3a6e\" data-element_type=\"column\" data-e-type=\"column\">\n\t\t\t<div class=\"elementor-widget-wrap elementor-element-populated\">\n\t\t\t\t\t\t<div class=\"elementor-element elementor-element-2c92a06 elementor-widget elementor-widget-image\" data-id=\"2c92a06\" data-element_type=\"widget\" data-e-type=\"widget\" data-widget_type=\"image.default\">\n\t\t\t\t<div class=\"elementor-widget-container\">\n\t\t\t\t\t\t\t\t\t\t\t\t<figure class=\"wp-caption\">\n\t\t\t\t\t\t\t\t\t\t<img loading=\"lazy\" decoding=\"async\" width=\"200\" height=\"200\" src=\"https:\/\/masterrehabilitacionoralub.com\/wp-content\/uploads\/2020\/09\/Dra.Riera-200x200-1.png\" class=\"attachment-full size-full wp-image-1641\" alt=\"\" srcset=\"https:\/\/masterrehabilitacionoralub.com\/wp-content\/uploads\/2020\/09\/Dra.Riera-200x200-1.png 200w, https:\/\/masterrehabilitacionoralub.com\/wp-content\/uploads\/2020\/09\/Dra.Riera-200x200-1-150x150.png 150w, https:\/\/masterrehabilitacionoralub.com\/wp-content\/uploads\/2020\/09\/Dra.Riera-200x200-1-100x100.png 100w\" sizes=\"(max-width: 200px) 100vw, 200px\" \/>\t\t\t\t\t\t\t\t\t\t\t<figcaption class=\"widget-image-caption wp-caption-text\"><\/figcaption>\n\t\t\t\t\t\t\t\t\t\t<\/figure>\n\t\t\t\t\t\t\t\t\t<\/div>\n\t\t\t\t<\/div>\n\t\t\t\t<div class=\"elementor-element elementor-element-c01c613 elementor-widget elementor-widget-heading\" data-id=\"c01c613\" data-element_type=\"widget\" data-e-type=\"widget\" data-widget_type=\"heading.default\">\n\t\t\t\t<div class=\"elementor-widget-container\">\n\t\t\t\t\t<h2 class=\"elementor-heading-title elementor-size-default\">Dra. Nina Riera Pu\u00f1et<\/h2>\t\t\t\t<\/div>\n\t\t\t\t<\/div>\n\t\t\t\t<div class=\"elementor-element elementor-element-a0354a9 elementor-widget elementor-widget-text-editor\" data-id=\"a0354a9\" data-element_type=\"widget\" data-e-type=\"widget\" data-widget_type=\"text-editor.default\">\n\t\t\t\t<div class=\"elementor-widget-container\">\n\t\t\t\t\t\t\t\t\t<ul><li>Llicenciada en Odontologia<\/li><li>Doctora en Odontologia<\/li><li>M\u00e0ster en Oclusi\u00f3 i Rehabilitaci\u00f3 Oral UB<\/li><li>Professora Associada d'Oclusi\u00f3 i Prostod\u00f2ncia de la Facultat de Medicina i Ci\u00e8ncies de la Salut de la Universitat de Barcelona<\/li><\/ul>\t\t\t\t\t\t\t\t<\/div>\n\t\t\t\t<\/div>\n\t\t\t\t\t<\/div>\n\t\t<\/div>\n\t\t\t\t<div class=\"elementor-column elementor-col-33 elementor-top-column elementor-element elementor-element-4048949\" data-id=\"4048949\" data-element_type=\"column\" data-e-type=\"column\">\n\t\t\t<div class=\"elementor-widget-wrap elementor-element-populated\">\n\t\t\t\t\t\t<div class=\"elementor-element elementor-element-db53c2b elementor-widget elementor-widget-image\" data-id=\"db53c2b\" data-element_type=\"widget\" data-e-type=\"widget\" data-widget_type=\"image.default\">\n\t\t\t\t<div class=\"elementor-widget-container\">\n\t\t\t\t\t\t\t\t\t\t\t\t<figure class=\"wp-caption\">\n\t\t\t\t\t\t\t\t\t\t<img loading=\"lazy\" decoding=\"async\" width=\"200\" height=\"200\" src=\"https:\/\/masterrehabilitacionoralub.com\/wp-content\/uploads\/2020\/10\/Dr.Verd-200x200-1.jpg\" class=\"attachment-medium size-medium wp-image-2782\" alt=\"\" srcset=\"https:\/\/masterrehabilitacionoralub.com\/wp-content\/uploads\/2020\/10\/Dr.Verd-200x200-1.jpg 200w, https:\/\/masterrehabilitacionoralub.com\/wp-content\/uploads\/2020\/10\/Dr.Verd-200x200-1-150x150.jpg 150w, https:\/\/masterrehabilitacionoralub.com\/wp-content\/uploads\/2020\/10\/Dr.Verd-200x200-1-100x100.jpg 100w\" sizes=\"(max-width: 200px) 100vw, 200px\" \/>\t\t\t\t\t\t\t\t\t\t\t<figcaption class=\"widget-image-caption wp-caption-text\"><\/figcaption>\n\t\t\t\t\t\t\t\t\t\t<\/figure>\n\t\t\t\t\t\t\t\t\t<\/div>\n\t\t\t\t<\/div>\n\t\t\t\t<div class=\"elementor-element elementor-element-4b5bf3a elementor-widget elementor-widget-heading\" data-id=\"4b5bf3a\" data-element_type=\"widget\" data-e-type=\"widget\" data-widget_type=\"heading.default\">\n\t\t\t\t<div class=\"elementor-widget-container\">\n\t\t\t\t\t<h2 class=\"elementor-heading-title elementor-size-default\">Dr. Albert Verd Bertran<\/h2>\t\t\t\t<\/div>\n\t\t\t\t<\/div>\n\t\t\t\t<div class=\"elementor-element elementor-element-b3a8704 elementor-widget elementor-widget-text-editor\" data-id=\"b3a8704\" data-element_type=\"widget\" data-e-type=\"widget\" data-widget_type=\"text-editor.default\">\n\t\t\t\t<div class=\"elementor-widget-container\">\n\t\t\t\t\t\t\t\t\t<ul><li>Llicenciat en Odontologia<\/li><li>M\u00e0ster en Oclusi\u00f3 i Rehabilitaci\u00f3 Oral UB<\/li><li>Postgrau Acad\u00e8mic en Est\u00e8tica Dental Avan\u00e7ada per la SCOE<\/li><\/ul>\t\t\t\t\t\t\t\t<\/div>\n\t\t\t\t<\/div>\n\t\t\t\t\t<\/div>\n\t\t<\/div>\n\t\t\t\t<div class=\"elementor-column elementor-col-33 elementor-top-column elementor-element elementor-element-1ed52fd\" data-id=\"1ed52fd\" data-element_type=\"column\" data-e-type=\"column\">\n\t\t\t<div class=\"elementor-widget-wrap elementor-element-populated\">\n\t\t\t\t\t\t<div class=\"elementor-element elementor-element-27a7bc8 elementor-widget elementor-widget-image\" data-id=\"27a7bc8\" data-element_type=\"widget\" data-e-type=\"widget\" data-widget_type=\"image.default\">\n\t\t\t\t<div class=\"elementor-widget-container\">\n\t\t\t\t\t\t\t\t\t\t\t\t<figure class=\"wp-caption\">\n\t\t\t\t\t\t\t\t\t\t<img loading=\"lazy\" decoding=\"async\" width=\"200\" height=\"200\" src=\"https:\/\/masterrehabilitacionoralub.com\/wp-content\/uploads\/2020\/10\/Dra.Willaert-200x200-1.png\" class=\"attachment-medium size-medium wp-image-2390\" alt=\"\" srcset=\"https:\/\/masterrehabilitacionoralub.com\/wp-content\/uploads\/2020\/10\/Dra.Willaert-200x200-1.png 200w, https:\/\/masterrehabilitacionoralub.com\/wp-content\/uploads\/2020\/10\/Dra.Willaert-200x200-1-150x150.png 150w, https:\/\/masterrehabilitacionoralub.com\/wp-content\/uploads\/2020\/10\/Dra.Willaert-200x200-1-100x100.png 100w\" sizes=\"(max-width: 200px) 100vw, 200px\" \/>\t\t\t\t\t\t\t\t\t\t\t<figcaption class=\"widget-image-caption wp-caption-text\"><\/figcaption>\n\t\t\t\t\t\t\t\t\t\t<\/figure>\n\t\t\t\t\t\t\t\t\t<\/div>\n\t\t\t\t<\/div>\n\t\t\t\t<div class=\"elementor-element elementor-element-130d785 elementor-widget elementor-widget-heading\" data-id=\"130d785\" data-element_type=\"widget\" data-e-type=\"widget\" data-widget_type=\"heading.default\">\n\t\t\t\t<div class=\"elementor-widget-container\">\n\t\t\t\t\t<h2 class=\"elementor-heading-title elementor-size-default\">Dra. Eva Willaert Jim\u00e9nez-Pajarero<\/h2>\t\t\t\t<\/div>\n\t\t\t\t<\/div>\n\t\t\t\t<div class=\"elementor-element elementor-element-70c9448 elementor-widget elementor-widget-text-editor\" data-id=\"70c9448\" data-element_type=\"widget\" data-e-type=\"widget\" data-widget_type=\"text-editor.default\">\n\t\t\t\t<div class=\"elementor-widget-container\">\n\t\t\t\t\t\t\t\t\t<ul><li>Llicenciada en Odontologia<\/li><li>Doctora en Odontologia<\/li><li>M\u00e0ster en Oclusi\u00f3 i Rehabilitaci\u00f3 Oral UB<\/li><li>T\u00edtol d'acreditaci\u00f3 per la Orofacial Pain Unit-Faculty of Odontology; University of M\u00e4lmo<\/li><li>Professora Associada d'Oclusi\u00f3 i Prostod\u00f2ncia de la Facultat de Medicina i Ci\u00e8ncies de la Salut de la Universitat de Barcelona<\/li><\/ul>\t\t\t\t\t\t\t\t<\/div>\n\t\t\t\t<\/div>\n\t\t\t\t\t<\/div>\n\t\t<\/div>\n\t\t\t\t\t<\/div>\n\t\t<\/section>\n\t\t\t\t<section class=\"elementor-section elementor-top-section elementor-element elementor-element-728c8f28 elementor-section-boxed elementor-section-height-default elementor-section-height-default\" data-id=\"728c8f28\" data-element_type=\"section\" data-e-type=\"section\">\n\t\t\t\t\t\t<div class=\"elementor-container elementor-column-gap-default\">\n\t\t\t\t\t<div class=\"elementor-column elementor-col-33 elementor-top-column elementor-element elementor-element-513047a9\" data-id=\"513047a9\" data-element_type=\"column\" data-e-type=\"column\">\n\t\t\t<div class=\"elementor-widget-wrap elementor-element-populated\">\n\t\t\t\t\t\t<div class=\"elementor-element elementor-element-1eedc22e elementor-widget elementor-widget-image\" data-id=\"1eedc22e\" data-element_type=\"widget\" data-e-type=\"widget\" data-widget_type=\"image.default\">\n\t\t\t\t<div class=\"elementor-widget-container\">\n\t\t\t\t\t\t\t\t\t\t\t\t<figure class=\"wp-caption\">\n\t\t\t\t\t\t\t\t\t\t<img loading=\"lazy\" decoding=\"async\" width=\"200\" height=\"200\" src=\"https:\/\/masterrehabilitacionoralub.com\/wp-content\/uploads\/2020\/10\/Dr.Diego-Agaton-200x200-1.png\" class=\"attachment-medium size-medium wp-image-2595\" alt=\"\" srcset=\"https:\/\/masterrehabilitacionoralub.com\/wp-content\/uploads\/2020\/10\/Dr.Diego-Agaton-200x200-1.png 200w, https:\/\/masterrehabilitacionoralub.com\/wp-content\/uploads\/2020\/10\/Dr.Diego-Agaton-200x200-1-150x150.png 150w, https:\/\/masterrehabilitacionoralub.com\/wp-content\/uploads\/2020\/10\/Dr.Diego-Agaton-200x200-1-100x100.png 100w\" sizes=\"(max-width: 200px) 100vw, 200px\" \/>\t\t\t\t\t\t\t\t\t\t\t<figcaption class=\"widget-image-caption wp-caption-text\"><\/figcaption>\n\t\t\t\t\t\t\t\t\t\t<\/figure>\n\t\t\t\t\t\t\t\t\t<\/div>\n\t\t\t\t<\/div>\n\t\t\t\t<div class=\"elementor-element elementor-element-5a78815 elementor-widget elementor-widget-heading\" data-id=\"5a78815\" data-element_type=\"widget\" data-e-type=\"widget\" data-widget_type=\"heading.default\">\n\t\t\t\t<div class=\"elementor-widget-container\">\n\t\t\t\t\t<h2 class=\"elementor-heading-title elementor-size-default\">Dr. Diego Agaton Montes<\/h2>\t\t\t\t<\/div>\n\t\t\t\t<\/div>\n\t\t\t\t<div class=\"elementor-element elementor-element-436a3aa5 elementor-widget elementor-widget-text-editor\" data-id=\"436a3aa5\" data-element_type=\"widget\" data-e-type=\"widget\" data-widget_type=\"text-editor.default\">\n\t\t\t\t<div class=\"elementor-widget-container\">\n\t\t\t\t\t\t\t\t\t<ul><li>Llicenciat en Odontologia<\/li><li>M\u00e0ster en Oclusi\u00f3 i Rehabilitaci\u00f3 Oral UB<\/li><\/ul>\t\t\t\t\t\t\t\t<\/div>\n\t\t\t\t<\/div>\n\t\t\t\t\t<\/div>\n\t\t<\/div>\n\t\t\t\t<div class=\"elementor-column elementor-col-33 elementor-top-column elementor-element elementor-element-986b3c2\" data-id=\"986b3c2\" data-element_type=\"column\" data-e-type=\"column\">\n\t\t\t<div class=\"elementor-widget-wrap elementor-element-populated\">\n\t\t\t\t\t\t<div class=\"elementor-element elementor-element-3e315f5 elementor-widget elementor-widget-image\" data-id=\"3e315f5\" data-element_type=\"widget\" data-e-type=\"widget\" data-widget_type=\"image.default\">\n\t\t\t\t<div class=\"elementor-widget-container\">\n\t\t\t\t\t\t\t\t\t\t\t\t<figure class=\"wp-caption\">\n\t\t\t\t\t\t\t\t\t\t<img loading=\"lazy\" decoding=\"async\" width=\"200\" height=\"201\" src=\"https:\/\/masterrehabilitacionoralub.com\/wp-content\/uploads\/2020\/12\/jordi_martinez.png\" class=\"attachment-medium size-medium wp-image-3255\" alt=\"\" srcset=\"https:\/\/masterrehabilitacionoralub.com\/wp-content\/uploads\/2020\/12\/jordi_martinez.png 200w, https:\/\/masterrehabilitacionoralub.com\/wp-content\/uploads\/2020\/12\/jordi_martinez-150x150.png 150w, https:\/\/masterrehabilitacionoralub.com\/wp-content\/uploads\/2020\/12\/jordi_martinez-12x12.png 12w, https:\/\/masterrehabilitacionoralub.com\/wp-content\/uploads\/2020\/12\/jordi_martinez-100x100.png 100w\" sizes=\"(max-width: 200px) 100vw, 200px\" \/>\t\t\t\t\t\t\t\t\t\t\t<figcaption class=\"widget-image-caption wp-caption-text\"><\/figcaption>\n\t\t\t\t\t\t\t\t\t\t<\/figure>\n\t\t\t\t\t\t\t\t\t<\/div>\n\t\t\t\t<\/div>\n\t\t\t\t<div class=\"elementor-element elementor-element-a00bf20 elementor-widget elementor-widget-heading\" data-id=\"a00bf20\" data-element_type=\"widget\" data-e-type=\"widget\" data-widget_type=\"heading.default\">\n\t\t\t\t<div class=\"elementor-widget-container\">\n\t\t\t\t\t<h2 class=\"elementor-heading-title elementor-size-default\">Dr. Jordi Mart\u00ednez Gomis<\/h2>\t\t\t\t<\/div>\n\t\t\t\t<\/div>\n\t\t\t\t<div class=\"elementor-element elementor-element-3ba37d4 elementor-widget elementor-widget-text-editor\" data-id=\"3ba37d4\" data-element_type=\"widget\" data-e-type=\"widget\" data-widget_type=\"text-editor.default\">\n\t\t\t\t<div class=\"elementor-widget-container\">\n\t\t\t\t\t\t\t\t\t<ul><li>Llicenciat en Farm\u00e0cia<\/li><li>Llicenciat en Odontologia<\/li><li>Doctor en Odontologia<\/li><li>M\u00e0ster en Oclusi\u00f3 i Rehabilitaci\u00f3 Oral UB<\/li><li>Professor Agregat d'Oclusi\u00f3 i Prostod\u00f2ncia de la Facultat de Medicina i Ci\u00e8ncies de la Salut de la Universitat de Barcelona<\/li><\/ul>\t\t\t\t\t\t\t\t<\/div>\n\t\t\t\t<\/div>\n\t\t\t\t\t<\/div>\n\t\t<\/div>\n\t\t\t\t<div class=\"elementor-column elementor-col-33 elementor-top-column elementor-element elementor-element-93f9257\" data-id=\"93f9257\" data-element_type=\"column\" data-e-type=\"column\">\n\t\t\t<div class=\"elementor-widget-wrap elementor-element-populated\">\n\t\t\t\t\t\t<div class=\"elementor-element elementor-element-a1056de elementor-widget elementor-widget-image\" data-id=\"a1056de\" data-element_type=\"widget\" data-e-type=\"widget\" data-widget_type=\"image.default\">\n\t\t\t\t<div class=\"elementor-widget-container\">\n\t\t\t\t\t\t\t\t\t\t\t\t<figure class=\"wp-caption\">\n\t\t\t\t\t\t\t\t\t\t<img loading=\"lazy\" decoding=\"async\" width=\"200\" height=\"200\" src=\"https:\/\/masterrehabilitacionoralub.com\/wp-content\/uploads\/2020\/10\/Jordi-Samso-200x200-1.jpg\" class=\"attachment-medium size-medium wp-image-2734\" alt=\"\" srcset=\"https:\/\/masterrehabilitacionoralub.com\/wp-content\/uploads\/2020\/10\/Jordi-Samso-200x200-1.jpg 200w, https:\/\/masterrehabilitacionoralub.com\/wp-content\/uploads\/2020\/10\/Jordi-Samso-200x200-1-150x150.jpg 150w, https:\/\/masterrehabilitacionoralub.com\/wp-content\/uploads\/2020\/10\/Jordi-Samso-200x200-1-100x100.jpg 100w\" sizes=\"(max-width: 200px) 100vw, 200px\" \/>\t\t\t\t\t\t\t\t\t\t\t<figcaption class=\"widget-image-caption wp-caption-text\"><\/figcaption>\n\t\t\t\t\t\t\t\t\t\t<\/figure>\n\t\t\t\t\t\t\t\t\t<\/div>\n\t\t\t\t<\/div>\n\t\t\t\t<div class=\"elementor-element elementor-element-ea0faf6 elementor-widget elementor-widget-heading\" data-id=\"ea0faf6\" data-element_type=\"widget\" data-e-type=\"widget\" data-widget_type=\"heading.default\">\n\t\t\t\t<div class=\"elementor-widget-container\">\n\t\t\t\t\t<h2 class=\"elementor-heading-title elementor-size-default\">Dr. Jordi Sams\u00f3 Manzanedo<\/h2>\t\t\t\t<\/div>\n\t\t\t\t<\/div>\n\t\t\t\t<div class=\"elementor-element elementor-element-6bdcc7e1 elementor-widget elementor-widget-text-editor\" data-id=\"6bdcc7e1\" data-element_type=\"widget\" data-e-type=\"widget\" data-widget_type=\"text-editor.default\">\n\t\t\t\t<div class=\"elementor-widget-container\">\n\t\t\t\t\t\t\t\t\t<ul><li>Llicenciat en Medicina i Cirurgia<\/li><li>Doctor en Medicina i Cirurgia<\/li><li>Especialista en Estomatologia<\/li><li>Professor Titular d'Oclusi\u00f3 i Prostod\u00f2ncia de la Facultat de Medicina i Ci\u00e8ncies de la Salut de la Universitat de Barcelona<\/li><\/ul>\t\t\t\t\t\t\t\t<\/div>\n\t\t\t\t<\/div>\n\t\t\t\t\t<\/div>\n\t\t<\/div>\n\t\t\t\t\t<\/div>\n\t\t<\/section>\n\t\t\t\t<section class=\"elementor-section elementor-top-section elementor-element elementor-element-1570993 elementor-section-boxed elementor-section-height-default elementor-section-height-default\" data-id=\"1570993\" data-element_type=\"section\" data-e-type=\"section\">\n\t\t\t\t\t\t<div class=\"elementor-container elementor-column-gap-default\">\n\t\t\t\t\t<div class=\"elementor-column elementor-col-100 elementor-top-column elementor-element elementor-element-e01b6a1\" data-id=\"e01b6a1\" data-element_type=\"column\" data-e-type=\"column\">\n\t\t\t<div class=\"elementor-widget-wrap elementor-element-populated\">\n\t\t\t\t\t\t<div class=\"elementor-element elementor-element-87cb4ce elementor-widget elementor-widget-heading\" data-id=\"87cb4ce\" data-element_type=\"widget\" data-e-type=\"widget\" data-widget_type=\"heading.default\">\n\t\t\t\t<div class=\"elementor-widget-container\">\n\t\t\t\t\t<h2 class=\"elementor-heading-title elementor-size-default\">Sol\u00b7licitud d'inscripci\u00f3<\/h2>\t\t\t\t<\/div>\n\t\t\t\t<\/div>\n\t\t\t\t\t<\/div>\n\t\t<\/div>\n\t\t\t\t\t<\/div>\n\t\t<\/section>\n\t\t\t\t<section class=\"elementor-section elementor-top-section elementor-element elementor-element-aa60e72 elementor-section-boxed elementor-section-height-default elementor-section-height-default\" data-id=\"aa60e72\" data-element_type=\"section\" data-e-type=\"section\">\n\t\t\t\t\t\t<div class=\"elementor-container elementor-column-gap-default\">\n\t\t\t\t\t<div class=\"elementor-column elementor-col-100 elementor-top-column elementor-element elementor-element-2fd1f52\" data-id=\"2fd1f52\" data-element_type=\"column\" data-e-type=\"column\">\n\t\t\t<div class=\"elementor-widget-wrap elementor-element-populated\">\n\t\t\t\t\t\t<div class=\"elementor-element elementor-element-6fedac0 elementor-align-center elementor-widget elementor-widget-button\" data-id=\"6fedac0\" data-element_type=\"widget\" data-e-type=\"widget\" data-widget_type=\"button.default\">\n\t\t\t\t<div class=\"elementor-widget-container\">\n\t\t\t\t\t\t\t\t\t<div class=\"elementor-button-wrapper\">\n\t\t\t\t\t<a class=\"elementor-button elementor-button-link elementor-size-xl\" href=\"https:\/\/masterrehabilitacionoralub.com\/ca\/inscripcion\/\">\n\t\t\t\t\t\t<span class=\"elementor-button-content-wrapper\">\n\t\t\t\t\t\t\t\t\t<span class=\"elementor-button-text\">Pre-inscriure's ara!<\/span>\n\t\t\t\t\t<\/span>\n\t\t\t\t\t<\/a>\n\t\t\t\t<\/div>\n\t\t\t\t\t\t\t\t<\/div>\n\t\t\t\t<\/div>\n\t\t\t\t\t<\/div>\n\t\t<\/div>\n\t\t\t\t\t<\/div>\n\t\t<\/section>\n\t\t\t\t<\/div>","protected":false},"excerpt":{"rendered":"<p>M\u00e1ster Oclusi\u00f3n y Rehabilitaci\u00f3n Oral El m\u00e1ster de oclusi\u00f3n y rehabilitaci\u00f3n oral es un t\u00edtulo propio de la Universidad de Barcelona que se imparte desde hace 30 a\u00f1os y que tiene por objetivo alcanzar las m\u00e1ximas competencias en todo el \u00e1mbito de la pr\u00f3tesis dental, desde los casos m\u00e1s sencillos hasta los m\u00e1s complejos de [&hellip;]<\/p>\n","protected":false},"author":1,"featured_media":0,"parent":0,"menu_order":0,"comment_status":"closed","ping_status":"closed","template":"","meta":{"_acf_changed":false,"ocean_post_layout":"","ocean_both_sidebars_style":"","ocean_both_sidebars_content_width":0,"ocean_both_sidebars_sidebars_width":0,"ocean_sidebar":"","ocean_second_sidebar":"","ocean_disable_margins":"enable","ocean_add_body_class":"","ocean_shortcode_before_top_bar":"","ocean_shortcode_after_top_bar":"","ocean_shortcode_before_header":"","ocean_shortcode_after_header":"","ocean_has_shortcode":"","ocean_shortcode_after_title":"","ocean_shortcode_before_footer_widgets":"","ocean_shortcode_after_footer_widgets":"","ocean_shortcode_before_footer_bottom":"","ocean_shortcode_after_footer_bottom":"","ocean_display_top_bar":"default","ocean_display_header":"default","ocean_header_style":"","ocean_center_header_left_menu":"","ocean_custom_header_template":"","ocean_custom_logo":0,"ocean_custom_retina_logo":0,"ocean_custom_logo_max_width":0,"ocean_custom_logo_tablet_max_width":0,"ocean_custom_logo_mobile_max_width":0,"ocean_custom_logo_max_height":0,"ocean_custom_logo_tablet_max_height":0,"ocean_custom_logo_mobile_max_height":0,"ocean_header_custom_menu":"","ocean_menu_typo_font_family":"","ocean_menu_typo_font_subset":"","ocean_menu_typo_font_size":0,"ocean_menu_typo_font_size_tablet":0,"ocean_menu_typo_font_size_mobile":0,"ocean_menu_typo_font_size_unit":"px","ocean_menu_typo_font_weight":"","ocean_menu_typo_font_weight_tablet":"","ocean_menu_typo_font_weight_mobile":"","ocean_menu_typo_transform":"","ocean_menu_typo_transform_tablet":"","ocean_menu_typo_transform_mobile":"","ocean_menu_typo_line_height":0,"ocean_menu_typo_line_height_tablet":0,"ocean_menu_typo_line_height_mobile":0,"ocean_menu_typo_line_height_unit":"","ocean_menu_typo_spacing":0,"ocean_menu_typo_spacing_tablet":0,"ocean_menu_typo_spacing_mobile":0,"ocean_menu_typo_spacing_unit":"","ocean_menu_link_color":"","ocean_menu_link_color_hover":"","ocean_menu_link_color_active":"","ocean_menu_link_background":"","ocean_menu_link_hover_background":"","ocean_menu_link_active_background":"","ocean_menu_social_links_bg":"","ocean_menu_social_hover_links_bg":"","ocean_menu_social_links_color":"","ocean_menu_social_hover_links_color":"","ocean_disable_title":"default","ocean_disable_heading":"default","ocean_post_title":"","ocean_post_subheading":"","ocean_post_title_style":"","ocean_post_title_background_color":"","ocean_post_title_background":0,"ocean_post_title_bg_image_position":"","ocean_post_title_bg_image_attachment":"","ocean_post_title_bg_image_repeat":"","ocean_post_title_bg_image_size":"","ocean_post_title_height":0,"ocean_post_title_bg_overlay":0.5,"ocean_post_title_bg_overlay_color":"","ocean_disable_breadcrumbs":"default","ocean_breadcrumbs_color":"","ocean_breadcrumbs_separator_color":"","ocean_breadcrumbs_links_color":"","ocean_breadcrumbs_links_hover_color":"","ocean_display_footer_widgets":"default","ocean_display_footer_bottom":"default","ocean_custom_footer_template":"","footnotes":""},"class_list":["post-1927","page","type-page","status-publish","hentry","entry"],"acf":[],"_links":{"self":[{"href":"https:\/\/masterrehabilitacionoralub.com\/ca\/wp-json\/wp\/v2\/pages\/1927","targetHints":{"allow":["GET"]}}],"collection":[{"href":"https:\/\/masterrehabilitacionoralub.com\/ca\/wp-json\/wp\/v2\/pages"}],"about":[{"href":"https:\/\/masterrehabilitacionoralub.com\/ca\/wp-json\/wp\/v2\/types\/page"}],"author":[{"embeddable":true,"href":"https:\/\/masterrehabilitacionoralub.com\/ca\/wp-json\/wp\/v2\/users\/1"}],"replies":[{"embeddable":true,"href":"https:\/\/masterrehabilitacionoralub.com\/ca\/wp-json\/wp\/v2\/comments?post=1927"}],"version-history":[{"count":10,"href":"https:\/\/masterrehabilitacionoralub.com\/ca\/wp-json\/wp\/v2\/pages\/1927\/revisions"}],"predecessor-version":[{"id":5663,"href":"https:\/\/masterrehabilitacionoralub.com\/ca\/wp-json\/wp\/v2\/pages\/1927\/revisions\/5663"}],"wp:attachment":[{"href":"https:\/\/masterrehabilitacionoralub.com\/ca\/wp-json\/wp\/v2\/media?parent=1927"}],"curies":[{"name":"wp","href":"https:\/\/api.w.org\/{rel}","templated":true}]}}