{"id":3,"date":"2020-02-22T10:32:36","date_gmt":"2020-02-22T10:32:36","guid":{"rendered":"https:\/\/masterrehabilitacionoralub.com\/?page_id=3"},"modified":"2024-03-19T12:50:22","modified_gmt":"2024-03-19T12:50:22","slug":"politica-privacidad","status":"publish","type":"page","link":"https:\/\/masterrehabilitacionoralub.com\/ca\/politica-privacidad\/","title":{"rendered":"Av\u00eds legal, pol\u00edtica de privacitat i de Cookies"},"content":{"rendered":"<h1>Av\u00eds legal, pol\u00edtica de privacitat i de Cookies<\/h1>\n<p style=\"text-align: justify;\"><strong>DADES IDENTIFICATIVES<\/strong><\/p>\n<p style=\"text-align: justify;\">En compliment amb el deure d'informaci\u00f3 recollit en article 10 de la Llei 34\/2002, de 11 de juliol, de Serveis de la Societat de la Informaci\u00f3 i de el comer\u00e7 Electr\u00f2nic, a continuaci\u00f3 es faciliten les seg\u00fcents dades: l'empresa titular de domini web \u00e9s FUNDACI\u00d3 PRIVADA JOSEP FINESTRES (en endavant, \"<strong>la Fundaci\u00f3<\/strong>\"), de el grup Universitat de Barcelona (UB) amb CIF G-59.418.202 i domicili a aquests efectes en Feixa Llarga, s\/n - 08907, l'Hospitalet de Llobregat, Barcelona.<\/p>\n<p style=\"text-align: justify;\">Correu electr\u00f2nic de contacte del lloc web:\u00a0<a href=\"mailto:fundacio.josep.finestres@ub.edu\">fundacio.josep.finestres@ub.edu<\/a>.<\/p>\n<p style=\"text-align: justify;\">Les seves dades personals seran incorporades a un fitxer responsabilitat de la Fundaci\u00f3 amb la finalitat de gestionar els serveis sanitaris i d'administraci\u00f3 dels nostres centres, que podran ser usats amb fins docents o d'investigaci\u00f3, recordar-li les seves cites o revisions i facilitar-li la informaci\u00f3 i \/ o serveis que sol\u00b7liciti, aix\u00ed com informar-li sobre aquells serveis que creiem que poden ser del seu inter\u00e8s.<\/p>\n<p style=\"text-align: justify;\">La Fundaci\u00f3 podr\u00e0 comunicar les seves dades personals a la resta d'empreses que formen el grup Universitat de Barcelona en cas que sigui pertinent per a la finalitat sol\u00b7licitada o autoritzada. La FUNDACI\u00d3 JOSEP FINESTRES i la resta d'entitats que formen el grup UB es comprometen a no comunicar les seves dades personals a tercers aliens a aquests. S'exceptuen aquells sup\u00f2sits en qu\u00e8, d'acord amb la finalitat per a la qual es van obtenir les dades, es faci necessari cedir-los a persones que actu\u00efn en nom o representaci\u00f3 de el grup UB o en relaci\u00f3 amb el negoci.<\/p>\n<p style=\"text-align: justify;\"><strong>USUARIS<\/strong><\/p>\n<p style=\"text-align: justify;\">L'acc\u00e9s i \/ o \u00fas d'aquest portal de la Fundaci\u00f3 atribueix la condici\u00f3 d'USUARI, que accepta, des d'aquest acc\u00e9s i \/ o \u00fas, les Condicions Generals d'\u00das aqu\u00ed reflectides. Les esmentades Condicions s'aplicaran independentment de les Condicions Generals de Contractaci\u00f3 que si escau resultin d'obligat compliment.<\/p>\n<p style=\"text-align: justify;\"><strong>COOKIES<\/strong><\/p>\n<p style=\"text-align: justify;\">Per a la utilitzaci\u00f3 del nostre lloc web \u00e9s necess\u00e0ria la utilitzaci\u00f3 de cookies. Les cookies s'utilitzen amb la finalitat de recaptar informaci\u00f3 estad\u00edstica a trav\u00e9s de Google Analitycs. Si vost\u00e8 ho desitja pot configurar el seu navegador per ser avisat en pantalla de la recepci\u00f3 de cookies i per impedir la instal\u00b7laci\u00f3 de cookies al seu disc dur. Si us plau, consulti les instruccions i manuals del seu navegador per ampliar aquesta informaci\u00f3.<\/p>\n<p style=\"text-align: justify;\"><strong>\u00daS DEL PORTAL<\/strong><\/p>\n<p style=\"text-align: justify;\">Aquest portal proporciona l'acc\u00e9s a multitud d'informacions, serveis, programes o dades (des d'ara, \u00abels continguts\u00bb) a Internet pertanyents a la FUNDACI\u00d3 JOSEP FINESTRES creadora del lloc web o als seus llicenciants als quals l'usuari pugui tenir acc\u00e9s. L'usuari assumeix la responsabilitat de l'\u00fas de l'portal. Aquesta responsabilitat s'est\u00e9n a l'registre que fos necessari per accedir a determinats serveis o continguts.<\/p>\n<p style=\"text-align: justify;\">En aquest registre l'USUARI ser\u00e0 responsable d'aportar informaci\u00f3 vera\u00e7 i l\u00edcita. Com a conseq\u00fc\u00e8ncia d'aquest registre, a l'USUARI se li pot proporcionar una contrasenya de la qual ser\u00e0 responsable, comprometent-se a fer un \u00fas diligent i confidencial de la mateixa. L'usuari es compromet a fer un \u00fas adequat dels continguts i serveis (com per exemple serveis de xat, f\u00f2rums de discussi\u00f3 o grups de not\u00edcies) que la FUNDACI\u00d3 JOSEP FINESTRES creadora del lloc web ofereix a trav\u00e9s del seu portal i amb car\u00e0cter enunciatiu per\u00f2 no limitador, a no emprar-los per:<\/p>\n<p style=\"text-align: justify;\">(I) - inc\u00f3rrer en activitats il\u00b7l\u00edcites, il\u00b7legals o contr\u00e0ries a la bona fe ia l'ordre p\u00fablic;<\/p>\n<p style=\"text-align: justify;\">(ii) - difondre continguts o propaganda de car\u00e0cter racista, xen\u00f2fob, pornogr\u00e0fic-il\u00b7legal, d'apologia de terrorisme o que atempti contra els drets humans;<\/p>\n<p style=\"text-align: justify;\">(iii) - provocar danys en els sistemes f\u00edsics i l\u00f2gics de la Fundaci\u00f3 creadora del lloc web, dels seus prove\u00efdors o de terceres persones, introduir o difondre a la xarxa virus inform\u00e0tics o qualssevol altres sistemes f\u00edsics o l\u00f2gics que siguin susceptibles de provocar els danys anteriorment esmentats;<\/p>\n<p style=\"text-align: justify;\">(iv) - intentar accedir i, si s'escau, utilitzar els comptes de correu electr\u00f2nic d'altres usuaris i modificar o manipular els seus missatges. La Fundaci\u00f3 creadora del lloc web es reserva el dret de retirar tots aquells comentaris i aportacions que vulnerin el respecte a la dignitat de la persona, que siguin discriminatoris, xen\u00f2fobs, racistes, pornogr\u00e0fics, que atemptin contra la joventut o la inf\u00e0ncia, l'ordre o la seguretat p\u00fablica o que, al seu parer, no resultessin adequats per a la seva publicaci\u00f3. En qualsevol cas, la Fundaci\u00f3 creadora del lloc web no ser\u00e0 responsable de les opinions abocades pels usuaris a trav\u00e9s dels f\u00f2rums, xats, o altres eines de participaci\u00f3.<\/p>\n<p style=\"text-align: justify;\"><strong>PROTECCI\u00d3 DE DADES<\/strong><\/p>\n<p style=\"text-align: justify;\">La FUNDACI\u00d3 JOSEP FINESTRES creadora del lloc web compleix amb les directrius de l'Reglament (UE) 2016\/679 de el Parlament i de el Consell de 27 d'abril de 2016 relatiu a la protecci\u00f3 de les persones f\u00edsiques pel que fa a el tractament de les seves dades personals i la lliure circulaci\u00f3 d'aquests i la resta de normativa vigent en cada moment, i vetlla per garantir un correcte \u00fas i tractament de les dades personals de l'usuari. Per a aix\u00f2, al costat de cada formulari de recapto de dades de car\u00e0cter personal, en els serveis que l'usuari pugui sol\u00b7licitar a la Fundaci\u00f3, de fer saber a l'usuari de l'exist\u00e8ncia i acceptaci\u00f3 de les condicions particulars de l'tractament de les seves dades en cada cas, informant de la responsabilitat de l'fitxer creat, la direcci\u00f3 de l'responsable, la possibilitat d'exercir els seus drets d'acc\u00e9s, rectificaci\u00f3, cancel\u00b7laci\u00f3 i oposici\u00f3, limitaci\u00f3 de l'tractament, portabilitat de dades, revocaci\u00f3 de l'consentiment ia no ser objecte de decisions individualitzades automatitzades, aix\u00ed com la finalitat de l'tractament i les comunicacions de dades a tercers si \u00e9s el cas.<\/p>\n<p style=\"text-align: justify;\">Aix\u00ed mateix, la Fundaci\u00f3 l'informa que d\u00f3na compliment a la Llei 34\/2002 de 11 de juliol, de Serveis de la Societat de la Informaci\u00f3 i el Comer\u00e7 Electr\u00f2nic i li sol\u00b7licitar\u00e0 el seu consentiment a l'tractament del seu correu electr\u00f2nic amb fins comercials en cada moment.<\/p>\n<p style=\"text-align: justify;\"><strong>POL\u00cdTICA DE PRIVACITAT<\/strong><\/p>\n<p style=\"text-align: justify;\">Aquesta pol\u00edtica de privacitat s'aplica a tots els\u00a0<a href=\"https:\/\/www.quironsalud.es\/es\/red-centros\">centres sanitaris<\/a>\u00a0que integren la Fundaci\u00f3 Josep Finestres (en endavant, \"la\u00a0<strong>Fundaci\u00f3\"<\/strong>) pel que fa a el tractament de dades personals dels seus pacients (i\/o representants o tutors legals dels mateixos, usuaris web i p\u00fablic en general (en endavant, conjunta i indistintament els \"<strong>Interessats<\/strong>\u201d).\u00a0<em>Per veure els centres que integren la Fundaci\u00f3, si us plau aneu a l'apartat \"centres gestionats\" que es troba a al peu d'aquesta p\u00e0gina.<\/em><\/p>\n<p style=\"text-align: justify;\">La Fundaci\u00f3 vetlla per disposar de pol\u00edtiques de protecci\u00f3 de dades que preservin la seguretat de les dades personals dels seus pacients i de qualsevol interessat. Per aix\u00f2, en virtut del que disposa el Reglament (UE) 2016\/679 del Parlament i del Consell de 27 d'abril de 2016 relatiu a la protecci\u00f3 de les persones f\u00edsiques pel que fa a el tractament de les seves dades personals i la lliure circulaci\u00f3 d'aquests (en endavant, el \"<strong>RGPD<\/strong>\"), la Fundaci\u00f3 informa els Interessats del seg\u00fcent:<\/p>\n<p style=\"text-align: justify;\"><strong><em>PROCED\u00c8NCIA DE LES DADES<\/em><\/strong><\/p>\n<p style=\"text-align: justify;\">A l'efecte del que disposa el Reglamenti (UE) 2016\/679 relatiu a l'tractament de dades personals, l'informem que, el responsable de l'tractament de les seves dades, \u00e9s\u00a0<strong>el centre de la Fundaci\u00f3\u00a0<\/strong>que l'atengui i\/o li presti assist\u00e8ncia sanit\u00e0ria, i en cas d'haver-se subscrit a la nostra newsletter o haver sol\u00b7licitat informaci\u00f3 sobre els nostres serveis i\/o productes oferts a trav\u00e9s de les p\u00e0gines webs, el responsable \u00e9s qui es l'envia.<\/p>\n<p style=\"text-align: justify;\">Les dades que recollim i incorporem al nostre sistema de tractament de dades poden provenir de la persona interessada, el pacient, durant la visita als nostres centres sanitaris o durant l'ingr\u00e9s i navegaci\u00f3 pel nostre lloc web, o si escau, del seu representant legal o voluntari i de personal sanitari, aix\u00ed com en base a la seva subscripci\u00f3 a la nostra\u00a0<em>newsletter<\/em>.<\/p>\n<p style=\"text-align: justify;\"><strong><em>CATEGORIES DE DADES<\/em><\/strong><\/p>\n<p style=\"text-align: justify;\">Les categories de dades personals que tractem amb motiu de la seva relaci\u00f3 amb nosaltres s\u00f3n les seg\u00fcents:<\/p>\n<ul style=\"text-align: justify;\">\n<li>Dades identificatives, de contacte de pacients o dels seus representants que inclouen nom i cognoms, nacionalitat, adre\u00e7a, dades de contacte (tel\u00e8fon, correu electr\u00f2nic), estat civil, signatura, imatge, targeta sanit\u00e0ria, n\u00famero de la seguretat social o mutualitat;<\/li>\n<li>Caracter\u00edstiques personals;<\/li>\n<li>Dades transaccionals relacionats amb pagaments, ingressos, transfer\u00e8ncies, c\u00e0rrecs;<\/li>\n<li>Dades relatives a la salut, incorporats en l'historial cl\u00ednic del pacient.<\/li>\n<\/ul>\n<p style=\"text-align: justify;\">Les finalitats per les quals el responsable de la Fundaci\u00f3 tracta les dades personals s\u00f3n, de forma enunciativa per\u00f2 no limitativa, les seg\u00fcents:<\/p>\n<ul>\n<li style=\"text-align: justify;\">Prestar assist\u00e8ncia sanit\u00e0ria sol\u00b7licitada o precisada pel pacient i gesti\u00f3 de serveis administratius necessaris per a l'efectiva assist\u00e8ncia sanit\u00e0ria incloent:<\/li>\n<li style=\"text-align: justify;\">Gestionar el control d'acc\u00e9s, estada i perman\u00e8ncia a les nostres instal\u00b7lacions.<\/li>\n<li style=\"text-align: justify;\">Prestaci\u00f3 de serveis d'acc\u00e9s remot (en l\u00ednia) a resultats m\u00e8dics (i.e., anal\u00edtiques, etc.) a trav\u00e9s de plataformes habilitades per la Fundaci\u00f3.<\/li>\n<li style=\"text-align: justify;\">Realitzar enquestes internes.<\/li>\n<li style=\"text-align: justify;\">Gestionar, validar i controlar el pagament dels serveis assistencials prestats;<\/li>\n<li style=\"text-align: justify;\">Gestionar les visites, cites i revisions.<\/li>\n<li style=\"text-align: justify;\">Tramitar enc\u00e0rrecs de peticions o qualsevol tipus de petici\u00f3 que sigui realitzada per l'usuari a trav\u00e9s de qualsevol de les formes de contacte que es posen a disposici\u00f3 de l'usuari en el lloc web de la Fundaci\u00f3.<\/li>\n<li style=\"text-align: justify;\">Realitzar enquestes d'opini\u00f3 i posterior estudi estad\u00edstic per tal de millorar el servei.<\/li>\n<li style=\"text-align: justify;\">Enviament de comunicacions comercials dels nostres productes i serveis, newsletters, aix\u00ed com d'ofertes especials, fins i tot per mitjans electr\u00f2nics, sempre que ho hagi autoritzat pr\u00e8viament.<\/li>\n<li style=\"text-align: justify;\">Per donar compliment a les obligacions legals o estatut\u00e0ries a les quals la Fundaci\u00f3 estigui subjecta.<\/li>\n<li style=\"text-align: justify;\">Seguretat i control d'acc\u00e9s a les instal\u00b7lacions mitjan\u00e7ant videovigil\u00e0ncia, a trav\u00e9s del qual es recapten imatges a temps real de les persones que accedeixen a el centre.<\/li>\n<li style=\"text-align: justify;\">Amb finalitat d'investigaci\u00f3 cient\u00edfica, sempre amb el previ consentiment expr\u00e9s de l'interessat.<\/li>\n<\/ul>\n<p style=\"text-align: justify;\">Aix\u00ed doncs, les dades recollides seran tractades per a les finalitats, sense importar el mitj\u00e0 de comunicaci\u00f3 que s'utilitzi per contactar amb el centre de la Fundaci\u00f3 que correspongui (de forma presencial al centre sanitari, aplicacions m\u00f2bils, p\u00e0gina web de centre, tel\u00e8fon o correu electr\u00f2nic).<\/p>\n<p style=\"text-align: justify;\">Amb finalitat de doc\u00e8ncia i de formaci\u00f3 d'estudiants universitaris de l'grau d'odontologia i de postgrau de la Universitat de Barcelona.<\/p>\n<p style=\"text-align: justify;\">Gestionar les reclamacions, peticions i suggeriments remesos pel pacient.<\/p>\n<p style=\"text-align: justify;\">L'informem que, si b\u00e9 no est\u00e0 obligat a respondre totes les preguntes que se li formulin a l'hora de recollir les seves dades, li demanarem la seva col\u00b7laboraci\u00f3 perqu\u00e8 la informaci\u00f3 sigui el m\u00e9s precisa possible, vera\u00e7 i completa amb vista a\u00a0<strong>un millor diagn\u00f2stic i tractament\u00a0<\/strong>(pacients) o<strong>\u00a0per facilitar-li la informaci\u00f3 que necessiti\u00a0<\/strong>(usuaris web o p\u00fablic en general). Les dades que se li sol\u00b7liciten resulten necessaris, de manera que de no facilitar\u00a0<strong>no ser\u00e0 possible formalitzar la relaci\u00f3 desitjada<\/strong>. En cas d'actuar en representaci\u00f3 de menors o incapacitats se us demanar\u00e0\u00a0<strong>que acrediti aquesta condici\u00f3<\/strong>, havent de tenir en compte el b\u00e9 de l'representat, i se'ls requerir\u00e0 aportar documentaci\u00f3 a aquests efectes. Es sol\u00b7licitar\u00e0 el seu consentiment signat per utilitzar aquestes dades per a altres fins.<\/p>\n<ol style=\"text-align: justify;\">\n<li style=\"list-style-type: none;\"><\/li>\n<\/ol>\n<p style=\"text-align: justify;\"><strong><em>LEGITIMACI\u00d3<\/em><\/strong><\/p>\n<p style=\"text-align: justify;\">La base legal per a legitimar dit \/ s tractament \/ s de les seves dades \u00e9s:<\/p>\n<ul style=\"text-align: justify;\">\n<li>El consentiment expr\u00e9s i lliure de l'Interessat;<\/li>\n<li>L'inter\u00e8s leg\u00edtim de l'responsable de l'tractament en prestar una adequada assist\u00e8ncia sanit\u00e0ria, atendre sol\u00b7licituds de l'Interessat, complir amb les obligacions contractuals i legals i, si escau, gestionar sistemes de videovigil\u00e0ncia;<\/li>\n<li>L'execuci\u00f3 de contractes en els quals l'Interessat sigui part;<\/li>\n<li>El compliment d'obligacions legals;<\/li>\n<li>El tractament necessari per a la investigaci\u00f3 cient\u00edfica.<\/li>\n<\/ul>\n<p style=\"text-align: justify;\">De tal manera, la Fundaci\u00f3 l'informa que procedir\u00e0 a tractar les dades de manera l\u00edcita, lleial, transparent, adequada, pertinent, limitada, exacta i actualitzada.<\/p>\n<p style=\"text-align: justify;\"><strong><em>CONFIDENCIALITAT<\/em><\/strong><\/p>\n<p style=\"text-align: justify;\">Tota la informaci\u00f3 que ens faciliti ser\u00e0 tractada de forma\u00a0<strong>confidencial,<\/strong>\u00a0especialment les dades de salut, estant tots els facultatius i el personal de la plantilla obligats a guardar el\u00a0<strong>degut secret i confidencialitat<\/strong>\u00a0sobre el seu contingut, de conformitat amb la Llei 14\/1986, general de Sanitat, la Llei 41\/2002 reguladora de l'autonomia de l'Pacient, el Reglament (UE) 2016\/679 de Protecci\u00f3 de Dades Personals i la resta de disposicions concordants.<\/p>\n<p style=\"text-align: justify;\">Tota la informaci\u00f3 facilitada ser\u00e0 tractada de forma confidencial i li informem que adoptem totes les mesures t\u00e8cniques i organitzatives necess\u00e0ries per impedir l'acc\u00e9s per tercers no autoritzats.<\/p>\n<p style=\"text-align: justify;\"><strong><em>PER\u00cdODE DE CONSERVACI\u00d3<\/em><\/strong><\/p>\n<p style=\"text-align: justify;\">Les dades facilitades per l'Interessat, nom\u00e9s es conservaran durant el temps estrictament necessari per a la finalitat per la qual van ser recollides.<\/p>\n<p style=\"text-align: justify;\">Dades personals derivats de la <u>prestaci\u00f3 d'assist\u00e8ncia sanit\u00e0ria<\/u>: es conservaran m\u00ednim durant 5 anys comptats des de la data d'alta de cada proc\u00e9s assistencial, excepte desenvolupament reglamentari o sectorial en sentit contrari.<br \/>\nTractament de dades recollides per\u00a0<u>l'enviament de newsletters<\/u>\u00a0a les que s'hagi subscrit el Interessat: es conservaran fins que decideixi revocar el seu consentiment, donar-se de baixa i\/o exerceix, si s'escau, els seus drets d'oposici\u00f3 i\/o supressi\u00f3.<\/p>\n<p style=\"text-align: justify;\">Dades personals tractades per gestionar, de forma enunciativa per\u00f2 no<u>, sol\u00b7licituds d'informaci\u00f3 de la Fundaci\u00f3, reclamacions, exercici de drets d'acc\u00e9s, peticions i suggeriments remesos per l'Interessat<\/u>: es conservaran durant el temps establert legalment, o en el seu lloc, durant el temps necessari per tramitar la sol\u00b7licitud o per a la formulaci\u00f3, exercici o defensa de reclamacions.<\/p>\n<p style=\"text-align: justify;\">Dades personals tractades per a complir <u>obligacions legals<\/u>: es conservaran durant el per\u00edode de temps establert en la legislaci\u00f3 aplicable.<\/p>\n<p style=\"text-align: justify;\">Dades personals tractades per a complir <u>obligacions contractuals<\/u>: s'han de conservar durant el termini de durada de la relaci\u00f3 contractual, o, si s'escau, durant el per\u00edode necessari per a la formulaci\u00f3, exercici o defensa de reclamacions.<\/p>\n<p style=\"text-align: justify;\">Imatges captades a trav\u00e9s dels sistemes de videovigil\u00e0ncia: s'han de conservar durant un termini m\u00e0xim de 30 dies des de la captaci\u00f3, excepte quan hagin de ser conservades pel termini de prescripci\u00f3 que correspongui, per acreditar la comissi\u00f3 d'actes que atemptin contra la integritat de persones , b\u00e9ns o instal\u00b7lacions.<\/p>\n<p style=\"text-align: justify;\">Dades personals tractades amb fins d'investigaci\u00f3 cient\u00edfica: es conservaran durant un temps il\u00b7limitat, previ consentiment de l'pacient o despr\u00e9s d'haver anonimitzat les referides dades.<\/p>\n<p style=\"text-align: justify;\"><strong><em>CESSIONS DE DADES A TERCERS<\/em><\/strong><\/p>\n<p style=\"text-align: justify;\"><u>Pacients<\/u>: Amb l'objecte de garantir una adequada prestaci\u00f3 de servei d'assist\u00e8ncia sanit\u00e0ria, esdev\u00e9 necessari que entitats de el grup UB, els seus alumnes de l'grau i post-grau relacionats amb els estudis odontol\u00f2gics, col\u00b7laboradors externs i \/ o determinats prove\u00efdors de serveis com ara, de forma enunciativa per\u00f2 no limitativa, serveis d'assist\u00e8ncia m\u00e8dica, serveis de videovigil\u00e0ncia, serveis d'arxiu, emmagatzematge destrucci\u00f3 de documentaci\u00f3, serveis d'assessorament legal, i serveis inform\u00e0tics (hosting, prove\u00efdors de programari) tractin dades per compte de l'responsable com encarregats de tractament de les seves dades.<\/p>\n<p style=\"text-align: justify;\"><u>Usuaris web i p\u00fablic en general<\/u>: amb l'objecte de mantenir la relaci\u00f3 amb vost\u00e8. I facilitar-li la informaci\u00f3 requerida, esdev\u00e9 necessari que entitats de el grup UB, alumnes de grau i post-grau de disciplina de la branca de l'odontologia de la UB, col\u00b7laboradors externs i \/ o determinats prove\u00efdors de serveis com ara, de forma enunciativa per\u00f2 no limitativa, serveis de videovigil\u00e0ncia, serveis d'assessorament legal, i serveis inform\u00e0tics (hosting, prove\u00efdors de programari), tractin dades per compte de l'responsable com encarregats de tractament de les seves dades.<\/p>\n<p style=\"text-align: justify;\">No es comunicaran dades dels Interessats a tercers, excepte previ consentiment de l'Interessat, inter\u00e8s leg\u00edtim de l'responsable o per obligaci\u00f3 legal, excepte en els sup\u00f2sits i als destinataris seg\u00fcents:<\/p>\n<ul style=\"text-align: justify;\">\n<li>companyies d'assegurances o m\u00fatues de les que el pacient sigui beneficiari,<\/li>\n<li>administracions p\u00fabliques o un tercer en el cas d'assegurances de responsabilitat civil,<\/li>\n<li>entitats hoteleres o operadors tur\u00edstics que canalitzen la relaci\u00f3 amb l'entitat asseguradora), sempre que aix\u00ed ho faci constar el pacient,<\/li>\n<\/ul>\n<p style=\"text-align: justify;\">En aquests sup\u00f2sits, el Centre podr\u00e0 facilitar la informaci\u00f3 dels serveis prestats a aquestes entitats, incloent dades personals de l'pacient, amb la finalitat de gestionar, coordinar i tramitar el pagament dels serveis assistencials prestats pel centre de la Fundaci\u00f3, en cas contrari , no seria possible la prestaci\u00f3 assistencial per no poder facturar de forma adequada.<\/p>\n<p style=\"text-align: justify;\">En cas que el pacient tingui concertada una asseguran\u00e7a amb una companyia d'assegurances situada fora de l'Espai Econ\u00f2mic Europeu la legislaci\u00f3 no ofereixi garanties suficients equivalents a les imposades en el RGPD, podria ser necess\u00e0ria la realitzaci\u00f3 d'una transfer\u00e8ncia internacional de dades. Aquestes transfer\u00e8ncies es produeixen previ consentiment expl\u00edcit de l'pacient i informant-lo de forma completa, amb la finalitat exclusiva de poder prestar el servei assistencial a l'pacient i facilitar la gesti\u00f3 i verificaci\u00f3 de l'pagament dels serveis assistencials prestats.<\/p>\n<p style=\"text-align: justify;\">Aix\u00ed mateix, en aquells casos en qu\u00e8, per ra\u00f3 del seu tractament, sigui necess\u00e0ria la utilitzaci\u00f3 de pr\u00f2tesis, implants o algun altre material sanitari o quir\u00fargic espec\u00edfic, podran comunicar-se les seves dades personals a les entitats prove\u00efdores, \u00fanicament i exclusivament, amb aquesta finalitat<\/p>\n<p style=\"text-align: justify;\">Tamb\u00e9 podran comunicar les seves dades a prove\u00efdors de serveis d'ambul\u00e0ncies ia qualssevol altres col\u00b7laboradors que siguin necessari per a prestar els serveis, informant degudament a l'interessat, de conformitat amb el que preveu el RGPD.<\/p>\n<p style=\"text-align: justify;\">A cedir les seves dades a el Servei de Salut de Catalunya en els casos previstos legalment; a consolats ja forces i cossos de Seguretat de l'Estat (baix requeriment previ d'autoritats policials, judicials, tribut\u00e0ries);<\/p>\n<p style=\"text-align: justify;\">En cas d'oposici\u00f3 o desacord amb aquestes circumst\u00e0ncies, hi haur\u00e0 de\u00a0<strong>posar-ho en coneixement del centre de la Fundaci\u00f3 abans de rebre l'assist\u00e8ncia sanit\u00e0ria.\u00a0<\/strong>Els contractes subscrits amb els tercers anteriorment referits, en virtut del que estableix el RGPD, garanteixen que les dades proporcionades seran tractats \u00fanica i exclusivament per als fins determinats, expl\u00edcits i leg\u00edtims per als quals van ser obtinguts i aquests no seran comunicades a entitats alienes a la relaci\u00f3 contractual amb aquests tercers, excepte previsi\u00f3 legal que prevegi una altra cosa.<\/p>\n<p style=\"text-align: justify;\"><strong><em>DRETS D'ACC\u00c9S<\/em><\/strong><\/p>\n<p style=\"text-align: justify;\" class=\"translation-block\">L'informem que t\u00e9 vost\u00e8 la possibilitat d'exercir en tot moment i de forma gratu\u00efta, llevat dels sup\u00f2sits de l'art. 12.5 de l'Reglament (UE) 679\/2016, el dret d'acc\u00e9s a la informaci\u00f3 que l'afecta continguda en els sistemes de tractament de l'entitat, aix\u00ed com a la seva rectificaci\u00f3, cancel\u00b7laci\u00f3 i oposici\u00f3, limitaci\u00f3 de l'tractament, portabilitat de dades, revocaci\u00f3 de l' consentiment ia no ser objecte de decisions individualitzades automatitzades. Pot exercitar aquests drets dirigint-se per escrit a <a href=\"mailto:fundacio.josep.finestres@ub.edu\" target=\"_self\">fundacio.josep.finestres@ub.edu<\/a>, acompanyant una c\u00f2pia del seu document nacional d'identitat, passaport o un altre document v\u00e0lid que l'identifiqui oportunament. Aix\u00ed mateix, t\u00e9 dret a consultar a l'DPO qualsevol q\u00fcesti\u00f3 relativa a l'tractament de les seves dades personals, mitjan\u00e7ant comunicaci\u00f3 per escrit a: <a href=\"mailto:dpo.fjf@ub.edu\" target=\"_self\">dpo.fjf@ub.edu<\/a>, aix\u00ed com a presentar una reclamaci\u00f3 davant l'autoritat de control, que a Espanya \u00e9s l'Ag\u00e8ncia espanyola de Protecci\u00f3 de Dades (AEPD) si ho estima oport\u00fa.<\/p>\n<p style=\"text-align: justify;\"><strong>PROPIETAT INTEL\u00b7LECTUAL I INDUSTRIAL<\/strong><\/p>\n<p style=\"text-align: justify;\">La Fundaci\u00f3 per si o com a cession\u00e0ria, \u00e9s titular de tots els drets de propietat intel\u00b7lectual i industrial de la seva p\u00e0gina web, aix\u00ed com dels elements continguts en la mateixa (a t\u00edtol enunciatiu, imatges, so, \u00e0udio, v\u00eddeo, programari o textos; marques o logotips, combinacions de colors, estructura i disseny, selecci\u00f3 de materials usats, programes d'ordinador necessaris per al seu funcionament, acc\u00e9s i \u00fas, etc.), titularitat de la FUNDACI\u00d3 JOSEP FINESTRES o b\u00e9 dels seus llicenciants. Tots els drets reservats. En virtut del que disposen els articles 8 i 32.1, par\u00e0graf segon, de la Llei de Propietat Intel\u00b7lectual, queden expressament prohibides la reproducci\u00f3, la distribuci\u00f3 i la comunicaci\u00f3 p\u00fablica, inclosa la seva modalitat de posada a disposici\u00f3, de la totalitat o part dels continguts d'aquesta p\u00e0gina web, amb fins comercials, en qualsevol suport i per qualsevol mitj\u00e0 t\u00e8cnic, sense l'autoritzaci\u00f3 de la Fundaci\u00f3. L'usuari es compromet a respectar els drets de Propietat Intel\u00b7lectual i Industrial titularitat de la Fundaci\u00f3. Podr\u00e0 visualitzar els elements de el portal i fins i tot imprimir-los, copiar-los i emmagatzemar-los al disc dur del seu ordinador o en qualsevol altre suport f\u00edsic sempre que sigui, \u00fanica i exclusivament, per al seu \u00fas personal i privat. L'usuari haur\u00e0 d'abstenir-se de suprimir, alterar, eludir o manipular qualsevol dispositiu de protecci\u00f3 o sistema de seguretat que estigu\u00e9s instal\u00b7lat al les p\u00e0gines de la Fundaci\u00f3.<\/p>\n<p style=\"text-align: justify;\"><strong>EXCLUSI\u00d3 DE GARANTIES I RESPONSABILITAT<\/strong><\/p>\n<p style=\"text-align: justify;\">La Fundaci\u00f3 no es fa responsable, en cap cas, dels danys i perjudicis de qualsevol naturalesa que poguessin ocasionar, a t\u00edtol enunciatiu: errors o omissions en els continguts, falta de disponibilitat de l'portal o la transmissi\u00f3 de virus o programes maliciosos o lesius en els continguts, malgrat haver adoptat totes les mesures tecnol\u00f2giques necess\u00e0ries per evitar-ho.<\/p>\n<p style=\"text-align: justify;\"><strong>MODIFICACIONS<\/strong><\/p>\n<p style=\"text-align: justify;\">La Fundaci\u00f3 es reserva el dret d'efectuar sense previ av\u00eds les modificacions que consideri oportunes al seu portal, podent canviar, suprimir o afegir tant els continguts i serveis que es prestin a trav\u00e9s de la mateixa com la forma en qu\u00e8 aquests apareguin presentats o localitzats en el seu portal.<\/p>\n<p style=\"text-align: justify;\"><strong>ENLLA\u00c7OS<\/strong><\/p>\n<p style=\"text-align: justify;\">En el cas que en nom del domini es disposessin enlla\u00e7os o hipervincles cap a altres llocs d'Internet, la Fundaci\u00f3 no exercir\u00e0 cap tipus de control sobre aquests llocs i continguts. En cap cas Nom de l'empresa creadora del lloc web assumir\u00e0 responsabilitat alguna pels continguts d'algun enlla\u00e7 pertanyent a un lloc web ali\u00e8, ni garantir\u00e0 la disponibilitat t\u00e8cnica, qualitat, fiabilitat, exactitud, amplitud, veracitat, validesa i constitucionalitat de qualsevol material o informaci\u00f3 continguda en cap d'aquests hipervincles o altres llocs d'Internet. Igualment la inclusi\u00f3 d'aquestes connexions externes no implicar\u00e0 cap tipus d'associaci\u00f3, fusi\u00f3 o participaci\u00f3 amb les entitats connectades.<\/p>\n<p style=\"text-align: justify;\"><strong>DRET D'EXCLUSI\u00d3<\/strong><\/p>\n<p style=\"text-align: justify;\">La Fundaci\u00f3 es reserva el dret a denegar o retirar l'acc\u00e9s a portal i \/ o els serveis oferts sense necessitat de preav\u00eds, a inst\u00e0ncia pr\u00f2pia o d'un tercer, a aquells usuaris que incompleixin les presents Condicions Generals d'\u00das.<\/p>\n<p style=\"text-align: justify;\"><strong>GENERALITATS<\/strong><\/p>\n<p style=\"text-align: justify;\">La Fundaci\u00f3 perseguir\u00e0 l'incompliment de les presents condicions aix\u00ed com qualsevol utilitzaci\u00f3 indeguda del seu portal exercint totes les accions civils i penals que li puguin correspondre en dret.<\/p>\n<p style=\"text-align: justify;\"><strong>MODIFICACI\u00d3 DE LES PRESENTS CONDICIONS I DURADA<\/strong><\/p>\n<p style=\"text-align: justify;\">La Fundaci\u00f3 podr\u00e0 modificar en qualsevol moment les condicions aqu\u00ed determinades, sent degudament publicades com aqu\u00ed apareixen. La vig\u00e8ncia de les citades condicions anir\u00e0 en funci\u00f3 de la seva exposici\u00f3 i estaran vigents fins que siguin modificades per altres degudament publicades.<\/p>\n<p style=\"text-align: justify;\"><strong>LEGISLACI\u00d3 APLICABLE I JURISDICCI\u00d3<\/strong><\/p>\n<p style=\"text-align: justify;\">La relaci\u00f3 entre la Fundaci\u00f3 i l'USUARI es regir\u00e0 per la normativa espanyola vigent i qualsevol controv\u00e8rsia se sotmetr\u00e0 als Jutjats i tribunals de la ciutat de Barcelona.<\/p>\n<p style=\"text-align: justify;\">A continuaci\u00f3 els informem dels centres que gestionem i que formen part de la FUNDACI\u00d3 JOSEP FINESTRES:<\/p>\n<ul style=\"text-align: justify;\">\n<li>Hospital Odontol\u00f2gic UB.<\/li>\n<li>Hospital Podol\u00f2gic UB.<\/li>\n<li>Cl\u00ednica Torre Bar\u00f3 UB.<\/li>\n<li>Cl\u00ednica Podol\u00f2gica Amadeu Torner.<\/li>\n<li>Cl\u00ednica Podol\u00f2gica La Torrassa.<\/li>\n<li>Serveis i unitats de psicologia.<\/li>\n<\/ul>\n<p style=\"text-align: justify;\"><strong>POL\u00cdTICA DE COOKIES<\/strong><\/p>\n<p style=\"text-align: justify;\">Una cookie \u00e9s un fitxer que es descarrega al dispositiu de l'usuari a l'accedir a determinades p\u00e0gines web per a emmagatzemar i recuperar informaci\u00f3 sobre la navegaci\u00f3 que s'efectua des d'aquest equip. Les cookies permeten, entre altres coses, emmagatzemar i recuperar informaci\u00f3 sobre els h\u00e0bits i configuraci\u00f3 de l'usuari.<\/p>\n<p style=\"text-align: justify;\">La FUNDACI\u00d3 PRIVADA JOSEP FINESTRES (en endavant, \"<strong>la<\/strong>\u00a0<strong>Fundaci\u00f3<\/strong>\") utilitza cookies per personalitzar i millorar l'experi\u00e8ncia de l'usuari, a l'identificar i recordar les prefer\u00e8ncies de l'usuari, incloent el seu registre i facilitar la navegaci\u00f3.<\/p>\n<p style=\"text-align: justify;\">L'usuari pot negar-se a acceptar cookies activant la configuraci\u00f3 al vostre navegador. No obstant aix\u00f2, si selecciona aquesta configuraci\u00f3, hi ha la possibilitat que no es pugui accedir a determinades p\u00e0gines o serveis de l'aplicaci\u00f3.<\/p>\n<p style=\"text-align: justify;\">La Fundaci\u00f3 utilitza en el Lloc Web les seg\u00fcents galetes que es detallen a continuaci\u00f3:<\/p>\n<ul style=\"text-align: justify;\">\n<li>ci_session: \u00c9s una cookie interna que permet mantenir l'estat de l'usuari que vista la web (idioma seleccionat, etc.)<\/li>\n<li>_mnt_web: \u00c9s una cookie interna que serveix per mantenir la sessi\u00f3 a l'entorn de gesti\u00f3 intern: usuari, etc.<\/li>\n<li>_ga: \u00c9s una galeta de Google Analytics que serveix per a l&#039;anal\u00edtica de la web. Relacionades amb aquesta galeta se&#039;n generen d&#039;altres en funci\u00f3 de les zones de la web que es visiten, i s\u00f3n totes del mateix prove\u00efdor i serveixen totes per a l&#039;anal\u00edtica.<\/li>\n<\/ul>\n<p style=\"text-align: justify;\">La majoria de navegadors actualment permeten a l'Usuari configurar si volen acceptar cookies i quines d'elles. L'usuari que desitgi desactivar les cookies pot fer-ho des de la secci\u00f3 de prefer\u00e8ncies del seu navegador d'Internet. Aquests ajustaments normalment es troben a les \u00abopcions\u00bb o \u00abPrefer\u00e8ncies\u00bb de el men\u00fa del seu navegador: Chrome, Explorer, Firefox, Safari.<\/p>\n<p style=\"text-align: justify;\">Aquestes s\u00f3n les instruccions per configurar les galetes en els principals navegadors:<\/p>\n<ul style=\"text-align: justify;\">\n<li>Per a m\u00e9s informaci\u00f3, podeu consultar el suport de Google o l'Ajuda de el navegador, des de<br \/>\nPer a m\u00e9s informaci\u00f3, podeu consultar el suport de Google o l'Ajuda de el navegador, des de\u00a0<a href=\"http:\/\/support.google.com\/chrome\/bin\/answer.py?hl=es&amp;answer=95647\">http:\/\/support.google.com\/chrome\/bin\/answer.py?hl=es&amp;answer=95647<\/a><\/li>\n<li>Internet Explorer: Eines -&gt; Opcions d'Internet -&gt; Privacitat -&gt; Configuraci\u00f3.<br \/>\nPer a m\u00e9s informaci\u00f3, pot consultar el suport de Microsoft o l'Ajuda de el navegador, des de\u00a0<a href=\"http:\/\/windows.microsoft.com\/es-es\/windows7\/how-to-manage-cookies-in-internet-explorer-9\">http:\/\/windows.microsoft.com\/es-es\/windows7\/how-to-manage-cookies-in-internet-explorer-9<\/a>.<\/li>\n<li>Firefox: Eines -&gt; Opcions -&gt; Privadesa -&gt; Hist\u00f2ric -&gt; Configuraci\u00f3 Personalitzada.<br \/>\nPer a m\u00e9s informaci\u00f3, podeu consultar el suport de Mozilla o l'Ajuda de el navegador, des de\u00a0<a href=\"https:\/\/support.mozilla.org\/es\/kb\/habilitar-y-deshabilitar-cookies-sitios-web-rastrear-preferencias?redirectlocale=es&amp;redirectslug=habilitar-y-deshabilitar-cookies-que-los-sitios-we\">https:\/\/support.mozilla.org\/es\/kb\/habilitar-y-deshabilitar-cookies-sitios-web-rastrear-preferencias?redirectlocale=es&amp;redirectslug=habilitar-y-deshabilitar-cookies-que-los-sitios-we<\/a><\/li>\n<li>Safari: Prefer\u00e8ncies -&gt; Seguretat.<br \/>\nPer a m\u00e9s informaci\u00f3, pot consultar el suport d'Apple o l'Ajuda de el navegador, des de\u00a0<a href=\"http:\/\/support.apple.com\/kb\/ph5042\">http:\/\/support.apple.com\/kb\/ph5042<\/a>.<\/li>\n<\/ul>\n<p style=\"text-align: justify;\">En cas de dubtes o precisar ajuda, l'Usuari pot posar-se en contacte amb nosaltres a trav\u00e9s de la seg\u00fcent adre\u00e7a:\u00a0<a href=\"mailto:fundacio.josep.finestres@ub.edu\">fundacio.josep.finestres@ub.edu<\/a><\/p>","protected":false},"excerpt":{"rendered":"<p>Aviso legal, pol\u00edtica de privacidad y de Cookies DATOS IDENTIFICATIVOS En cumplimiento con el deber de informaci\u00f3n recogido en art\u00edculo 10 de la Ley 34\/2002, de 11 de julio, de Servicios de la Sociedad de la Informaci\u00f3n y del comercio Electr\u00f3nico, a continuaci\u00f3n se reflejan los siguientes datos: la empresa titular de dominio web es [&hellip;]<\/p>\n","protected":false},"author":1,"featured_media":0,"parent":0,"menu_order":0,"comment_status":"closed","ping_status":"open","template":"","meta":{"_acf_changed":false,"ocean_post_layout":"","ocean_both_sidebars_style":"","ocean_both_sidebars_content_width":0,"ocean_both_sidebars_sidebars_width":0,"ocean_sidebar":"0","ocean_second_sidebar":"0","ocean_disable_margins":"enable","ocean_add_body_class":"","ocean_shortcode_before_top_bar":"","ocean_shortcode_after_top_bar":"","ocean_shortcode_before_header":"","ocean_shortcode_after_header":"","ocean_has_shortcode":"","ocean_shortcode_after_title":"","ocean_shortcode_before_footer_widgets":"","ocean_shortcode_after_footer_widgets":"","ocean_shortcode_before_footer_bottom":"","ocean_shortcode_after_footer_bottom":"","ocean_display_top_bar":"default","ocean_display_header":"default","ocean_header_style":"","ocean_center_header_left_menu":"0","ocean_custom_header_template":"0","ocean_custom_logo":0,"ocean_custom_retina_logo":0,"ocean_custom_logo_max_width":0,"ocean_custom_logo_tablet_max_width":0,"ocean_custom_logo_mobile_max_width":0,"ocean_custom_logo_max_height":0,"ocean_custom_logo_tablet_max_height":0,"ocean_custom_logo_mobile_max_height":0,"ocean_header_custom_menu":"0","ocean_menu_typo_font_family":"0","ocean_menu_typo_font_subset":"","ocean_menu_typo_font_size":0,"ocean_menu_typo_font_size_tablet":0,"ocean_menu_typo_font_size_mobile":0,"ocean_menu_typo_font_size_unit":"px","ocean_menu_typo_font_weight":"","ocean_menu_typo_font_weight_tablet":"","ocean_menu_typo_font_weight_mobile":"","ocean_menu_typo_transform":"","ocean_menu_typo_transform_tablet":"","ocean_menu_typo_transform_mobile":"","ocean_menu_typo_line_height":0,"ocean_menu_typo_line_height_tablet":0,"ocean_menu_typo_line_height_mobile":0,"ocean_menu_typo_line_height_unit":"","ocean_menu_typo_spacing":0,"ocean_menu_typo_spacing_tablet":0,"ocean_menu_typo_spacing_mobile":0,"ocean_menu_typo_spacing_unit":"","ocean_menu_link_color":"","ocean_menu_link_color_hover":"","ocean_menu_link_color_active":"","ocean_menu_link_background":"","ocean_menu_link_hover_background":"","ocean_menu_link_active_background":"","ocean_menu_social_links_bg":"","ocean_menu_social_hover_links_bg":"","ocean_menu_social_links_color":"","ocean_menu_social_hover_links_color":"","ocean_disable_title":"default","ocean_disable_heading":"default","ocean_post_title":"","ocean_post_subheading":"","ocean_post_title_style":"","ocean_post_title_background_color":"","ocean_post_title_background":0,"ocean_post_title_bg_image_position":"","ocean_post_title_bg_image_attachment":"","ocean_post_title_bg_image_repeat":"","ocean_post_title_bg_image_size":"","ocean_post_title_height":0,"ocean_post_title_bg_overlay":0.5,"ocean_post_title_bg_overlay_color":"","ocean_disable_breadcrumbs":"default","ocean_breadcrumbs_color":"","ocean_breadcrumbs_separator_color":"","ocean_breadcrumbs_links_color":"","ocean_breadcrumbs_links_hover_color":"","ocean_display_footer_widgets":"default","ocean_display_footer_bottom":"default","ocean_custom_footer_template":"0","footnotes":""},"class_list":["post-3","page","type-page","status-publish","hentry","entry"],"acf":[],"_links":{"self":[{"href":"https:\/\/masterrehabilitacionoralub.com\/ca\/wp-json\/wp\/v2\/pages\/3","targetHints":{"allow":["GET"]}}],"collection":[{"href":"https:\/\/masterrehabilitacionoralub.com\/ca\/wp-json\/wp\/v2\/pages"}],"about":[{"href":"https:\/\/masterrehabilitacionoralub.com\/ca\/wp-json\/wp\/v2\/types\/page"}],"author":[{"embeddable":true,"href":"https:\/\/masterrehabilitacionoralub.com\/ca\/wp-json\/wp\/v2\/users\/1"}],"replies":[{"embeddable":true,"href":"https:\/\/masterrehabilitacionoralub.com\/ca\/wp-json\/wp\/v2\/comments?post=3"}],"version-history":[{"count":0,"href":"https:\/\/masterrehabilitacionoralub.com\/ca\/wp-json\/wp\/v2\/pages\/3\/revisions"}],"wp:attachment":[{"href":"https:\/\/masterrehabilitacionoralub.com\/ca\/wp-json\/wp\/v2\/media?parent=3"}],"curies":[{"name":"wp","href":"https:\/\/api.w.org\/{rel}","templated":true}]}}